{"id":3563,"date":"2021-04-13T12:33:29","date_gmt":"2021-04-13T10:33:29","guid":{"rendered":"https:\/\/devneurolab.deusto.es\/nuestras-publicaciones-nueva\/"},"modified":"2021-04-13T12:33:29","modified_gmt":"2021-04-13T10:33:29","slug":"nuestras-publicaciones-nueva","status":"publish","type":"page","link":"https:\/\/neurolab.deusto.es\/en\/nuestras-publicaciones-nueva\/","title":{"rendered":"Nuestras Publicaciones (nueva)"},"content":{"rendered":"<div id=\"pl-3563\"  class=\"panel-layout\" ><div id=\"pg-3563-0\"  class=\"panel-grid panel-no-style\" ><div id=\"pgc-3563-0-0\"  class=\"panel-grid-cell\" ><div id=\"panel-3563-0-0-0\" class=\"so-panel widget widget_sow-editor panel-first-child panel-last-child\" data-index=\"0\" ><div\n\t\t\t\n\t\t\tclass=\"so-widget-sow-editor so-widget-sow-editor-base\"\n\t\t\t\n\t\t>\n<div class=\"siteorigin-widget-tinymce textwidget\">\n\t<h1 class=\"font_8\" style=\"text-align: center;\"><strong><span style=\"color: #64a592;\">NUESTRAS PUBLICACIONES<\/span><\/strong><\/h1>\n<h4 style=\"text-align: center;\"><span style=\"color: #2d4679;\"><strong><span lang=\"ES-TRAD\">ART\u00cdCULOS\u00a0EN REVISTAS ISI, PEER REVIEWED O CON FACTOR DE IMPACTO<\/span><\/strong><\/span><\/h4>\n<\/div>\n<\/div><\/div><\/div><\/div><div id=\"pg-3563-1\"  class=\"panel-grid panel-no-style\" ><div id=\"pgc-3563-1-0\"  class=\"panel-grid-cell\" ><div id=\"panel-3563-1-0-0\" class=\"so-panel widget widget_sow-editor panel-first-child panel-last-child\" data-index=\"1\" ><div\n\t\t\t\n\t\t\tclass=\"so-widget-sow-editor so-widget-sow-editor-base\"\n\t\t\t\n\t\t>\n<div class=\"siteorigin-widget-tinymce textwidget\">\n\t<header class=\"entry-header\">\n<h3><strong><span style=\"color: #64a592;\">2021<\/span><\/strong><\/h3>\n<ul>\n<li>S\u00e1ez-Atxukarro O, del Pino R, Pe\u00f1a J, Schretlen DJ, Ibarretxe-Bilbao N, Ojeda N. (2021). Test breve de memoria visuoespacial-revisado: normalizaci\u00f3n y estandarizaci\u00f3n de la prueba en poblaci\u00f3n espa\u00f1ola. Revista de Neurolog\u00eda, 72(09), 299-306.<\/li>\n<\/ul>\n<ul>\n<li>S\u00e1ez-Atxukarro O, del Pino R, Pe\u00f1a J, Schretlen DJ, Ibarretxe-Bilbao N, Ojeda N. (2021). Test UD Interferencia: Creaci\u00f3n y validaci\u00f3n de un nuevo instrumento de resistencia a la interferencia. Normalizaci\u00f3n y estandarizaci\u00f3n en poblaci\u00f3n espa\u00f1ola. Neurolog\u00eda.<\/li>\n<\/ul>\n<ul>\n<li>Pe\u00f1a J, Sampedro A, G\u00f3mez-Gastiasoro A, Ibarretxe-Bilbao N, Zubiaurre-Elorza L, Aguiar C, Ojeda N. (2021). The effect of changing the balance between right and left dorsolateral prefrontal cortex on different creativity tasks: A transcranial random noise stimulation study. Journal of Creative Behavior, 0 (0): 1-17.<\/li>\n<\/ul>\n<ul>\n<li>Sampedro A, Pe\u00f1a J, S\u00e1nchez P, Ibarretxe-Bilbao N, Iriarte-Yoller N, Pav\u00f3n C, Hervella I, Tous-Espelosin M, Ojeda N. (2021). The impact of creativity on functional outcome in schizophrenia: a mediational model. npj Schizophrenia, 7 (14): 1-8.<\/li>\n<\/ul>\n<ul>\n<li>Fern\u00e1ndez de Gamarra-Oca L, Zubiaurre-Elorza L, Junqu\u00e9 C, Solana E, Soria-Pastor S, V\u00e1zquez E, Delgado I, Macaya A, Ojeda N, Poca M.A. (2021). Reduced hippocampal subfield volumes and memory performance in preterm children with and without germinal matrix-intraventricular hemorrhage. Scientific Reports, 11, 2420.<\/li>\n<\/ul>\n<ul>\n<li>S\u00e1ez-Atxukarro O, del Pino R, Pe\u00f1a J, Schretlen DJ, Ibarretxe-Bilbao N, Ojeda N. (2021). Test de aprendizaje verbal de Hopkins revisado: normalizaci\u00f3n y estandarizaci\u00f3n de la prueba en poblaci\u00f3n espa\u00f1ola. Revista de Neurolog\u00eda, 72(02), 35.<\/li>\n<\/ul>\n<ul>\n<li>Seccomandi B, Agbedjro D, Bell M, Keefe RSF, Keshavan M, Galderisi S, Fiszdon J, Mucci A, Cavallaro R, Bechi M, Ojeda N, Pe\u00f1a J, Wykes T, Cella M.(2021). Can IQ moderate the response to cognitive remediation in people with schizophrenia?. Journal of Psychiatry Research 133, 38-45.<\/li>\n<\/ul>\n<\/header>\n<\/div>\n<\/div><\/div><\/div><div id=\"pgc-3563-1-1\"  class=\"panel-grid-cell\" ><div id=\"panel-3563-1-1-0\" class=\"so-panel widget widget_sow-editor panel-first-child panel-last-child\" data-index=\"2\" ><div\n\t\t\t\n\t\t\tclass=\"so-widget-sow-editor so-widget-sow-editor-base\"\n\t\t\t\n\t\t>\n<div class=\"siteorigin-widget-tinymce textwidget\">\n\t<header class=\"entry-header\">\n<h3><span style=\"color: #ffffff;\"><strong>2021<\/strong><\/span><\/h3>\n<ul>\n<li>Pe\u00f1a, J., Sampedro, A., G\u00f3mez-Gastiasoro, A., Ibarretxe-Bilbao, N., Zubiaurre-Elorza, L., Aguiar, C., Ojeda, N. (2021). <a href=\"https:\/\/onlinelibrary.wiley.com\/doi\/10.1002\/jocb.496\"><strong>The effect of changing the balance between right and left dorsolateral prefrontal cortex on different creativity tasks: A transcranial random noise stimulation study<\/strong><\/a>. <em>Journal of Creative Behavior, 0<\/em>(0), 1-17.<\/li>\n<\/ul>\n<ul>\n<li>S\u00e1ez-Atxukarro, O., del Pino, R., Pe\u00f1a, J., Schretlen, D.J., Ibarretxe-Bilbao, N., Ojeda, N. (2021). <a href=\"https:\/\/www.sciencedirect.com\/science\/article\/pii\/S0213485321000311\"><strong>Test UD Interferencia: Creaci\u00f3n y validaci\u00f3n de un nuevo instrumento de resistencia a la interferencia. Normalizaci\u00f3n y estandarizaci\u00f3n en poblaci\u00f3n espa\u00f1ola<\/strong><\/a>. <em>Neurolog\u00eda.<\/em><\/li>\n<\/ul>\n<ul>\n<li>Sampedro, A., Pe\u00f1a, J., S\u00e1nchez, P., Ibarretxe-Bilbao, N., Iriarte-Yoller, N., Pav\u00f3n, C., Hervella, I., Tous-Espelosin, M., &amp; Ojeda, N. (2021). <strong><a href=\"https:\/\/www.nature.com\/articles\/s41537-021-00144-5\">The impact of creativity on functional outcome in schizophrenia: a mediational model<\/a><\/strong>. <em>npj Schizophrenia, 7<\/em>(14),\u00a01-8<\/li>\n<\/ul>\n<ul>\n<li>S\u00e1ez-Atxukarro, O., Del Pino, R., Pe\u00f1a, J., Schretlen, D. J., Ibarretxe-Bilbao, N., Ojeda, N. (2021). <a href=\"https:\/\/www.neurologia.com\/articulo\/2020412\"><strong>Test de aprendizaje verbal de Hopkins revisado: normalizaci\u00f3n y estandarizaci\u00f3n de la prueba en poblaci\u00f3n espa\u00f1ola<\/strong><\/a>. <em>Revista de Neurolog\u00eda, 72<\/em>(02), 35.<\/li>\n<\/ul>\n<ul>\n<li>Fern\u00e1ndez de Gamarra-Oca, L., Zubiaurre-Elorza, L., Junqu\u00e9, C., Solana, E., Soria-Pastor, S., V\u00e1zquez, E., Delgado, I., Macaya, A., Ojeda, N., Poca, M.A. (2021). <a href=\"https:\/\/rdcu.be\/cembp\"><strong>Reduced hippocampal subfield volumes and memory performance in preterm children with and without germinal matrix-intraventricular hemorrhage<\/strong>.<\/a> <em>Scientific Reports, 11<\/em>, 2420.<\/li>\n<\/ul>\n<ul>\n<li>Sanchez-Luengos. I., Balboa-Bandeira, Y., Lucas-Jim\u00e9nez, O., Ojeda, N., Pe\u00f1a, J., Ibarretxe-Bilbao, N. (2021) <strong><span style=\"color: #2d4679;\"><a style=\"color: #2d4679;\" href=\"https:\/\/www.mdpi.com\/2075-4426\/11\/5\/429#stats_id\">Effectiveness of Cognitive Rehabilitation in Parkinson\u2019s Disease: A Systematic Review and Meta-Analysis.<\/a><\/span><\/strong> <i>Journal of Personalized Medicine, 11<\/i>(5), 429.<\/li>\n<\/ul>\n<\/header>\n<\/div>\n<\/div><\/div><\/div><\/div><div id=\"pg-3563-2\"  class=\"panel-grid panel-no-style\" ><div id=\"pgc-3563-2-0\"  class=\"panel-grid-cell\" ><div id=\"panel-3563-2-0-0\" class=\"so-panel widget widget_sow-editor panel-first-child panel-last-child\" data-index=\"3\" ><div\n\t\t\t\n\t\t\tclass=\"so-widget-sow-editor so-widget-sow-editor-base\"\n\t\t\t\n\t\t>\n<div class=\"siteorigin-widget-tinymce textwidget\">\n\t<h3><strong><span style=\"color: #64a592;\">2020<\/span><\/strong><\/h3>\n<ul>\n<li>\n<div class=\"journal-actions dropdown-block\">Tous-Espelosin, M., Ruiz de Azua, S., Iriarte-Yoller, N., Mart\u00ednezAguirre-Betolaza, A., S\u00e1nchez, P., Corres, P., Arratibel-Imaz, I., Sampedro, A., Pe\u00f1a, J., Maldonado-Mart\u00edn, S. (2020). <a href=\"https:\/\/www.sciencedirect.com\/science\/article\/abs\/pii\/S0165178120332418\"><strong>Clinical, physical, physiological, and cardiovascular risk patterns of adults with schizophrenia: CORTEX-SP study<\/strong><\/a>. <em>Psychiatry Research, 295<\/em>(113580), 1-8.<\/div>\n<\/li>\n<\/ul>\n<ul>\n<li>Pe\u00f1a, J., Sampedro, A., Ibarretxe-Bilbao, N., Zubiaurre-Elorza, L., Aizpurua, A., Ojeda, N. (2020). <strong><a href=\"https:\/\/pubmed.ncbi.nlm.nih.gov\/32968171\/\">The effect of transcranial random noise stimulation (tRNS) over bilateral posterior parietal cortex on divergent and convergent thinking<\/a>.<\/strong> <em>Sci Rep, 10(1):15559.<\/em><\/li>\n<\/ul>\n<ul>\n<li>Sanchez-Luengos, I., Lucas-Jim\u00e9nez, O., Pe\u00f1a, J., Ojeda, N., Ibarretxe-Bilbao N. (2020). <span style=\"color: #2d4679;\"><strong>Eficacia de la rehabilitaci\u00f3n cognitiva en enfermedad de Parkinson.<\/strong><\/span> Revista Espa\u00f1ola de Trastornos del Movimiento. ISSN: 1886-2268.<\/li>\n<\/ul>\n<\/div>\n<\/div><\/div><\/div><div id=\"pgc-3563-2-1\"  class=\"panel-grid-cell\" ><div id=\"panel-3563-2-1-0\" class=\"so-panel widget widget_sow-editor panel-first-child panel-last-child\" data-index=\"4\" ><div\n\t\t\t\n\t\t\tclass=\"so-widget-sow-editor so-widget-sow-editor-base\"\n\t\t\t\n\t\t>\n<div class=\"siteorigin-widget-tinymce textwidget\">\n\t<h3><span style=\"color: #ffffff;\"><strong>2020<\/strong><\/span><\/h3>\n<ul>\n<li>Sampedro, A., Pe\u00f1a, J., Ibarretxe-Bilbao, N., S\u00e1nchez, P., Iriarte-Yoller, N., Pav\u00f3n, C., Hervella, I., Tous-Espelosin, M., &amp; Ojeda, N. (2020). <a href=\"https:\/\/sciencedirect.com\/science\/article\/pii\/S0022395620308517\"><strong>Neurocognitive, social cognitive, and clinical predictors of creativity in schizophrenia.<\/strong><\/a> <em>Journal of Psychiatric Research, 129,<\/em>\u00a0206-213.<\/li>\n<\/ul>\n<ul>\n<li>Sampedro, A., Pe\u00f1a, J., Ibarretxe-Bilbao, N., Cabrera-Zubizarreta, A., S\u00e1nchez, P., G\u00f3mez-Gastiasoro, A., Iriarte-Yoller, N., Pav\u00f3n, C., &amp; Ojeda, N. (2020). <a href=\"https:\/\/frontiersin.org\/articles\/10.3389\/fnins.2020.00572\/full\"><strong>Brain white matter correlates of creativity in schizophrenia: a diffusion tensor imaging study.<\/strong><\/a> <em>Frontiers in Neuroscience, 14<\/em> (572), 1-10.<\/li>\n<\/ul>\n<ul>\n<li>Garc\u00eda-Guerrero, M. A., S\u00e1nchez, P., Pe\u00f1a, J., Portu-Zapirain, J., Elizagarate, E., Gorria, V., &amp; Ojeda, N. (2020). <a href=\"https:\/\/sciencedirect.com\/science\/article\/pii\/S1888989118300600?dgcid=author\"><strong>Efecto de los s\u00edntomas psiqui\u00e1tricos y calidad de vida sobre el desempe\u00f1o cognitivo en el VHC.<\/strong><\/a> <i>Revista de Psiquiatr\u00eda y Salud Mental, 13, <\/i>22-30.<\/li>\n<\/ul>\n<\/div>\n<\/div><\/div><\/div><\/div><div id=\"pg-3563-3\"  class=\"panel-grid panel-no-style\" ><div id=\"pgc-3563-3-0\"  class=\"panel-grid-cell\" ><div id=\"panel-3563-3-0-0\" class=\"so-panel widget widget_sow-editor panel-first-child panel-last-child\" data-index=\"5\" ><div\n\t\t\t\n\t\t\tclass=\"so-widget-sow-editor so-widget-sow-editor-base\"\n\t\t\t\n\t\t>\n<div class=\"siteorigin-widget-tinymce textwidget\">\n\t<h3><strong><span style=\"color: #64a592;\">2019<\/span><\/strong><\/h3>\n<ul>\n<li>Schindlbeck, K. A., Lucas\u2010Jim\u00e9nez, O., Tang, C. C., Morbelli, S., Arnaldi, D., Pardini, M., Pagani, M., Ibarretxe-Bilbao, N., Ojeda, N., \u00a0Nobili,F., &amp; Eidelberg, D. (2019). <strong><a href=\"https:\/\/onlinelibrary.wiley.com\/doi\/abs\/10.1002\/mds.27960\">Metabolic network abnormalities in drug\u2010na\u00efve Parkinson\u2019s Disease<\/a>.<\/strong> <i>Movement Disorders<\/i>.<\/li>\n<\/ul>\n<ul>\n<li>Sampedro, A., Pe\u00f1a, J., Ibarretxe-bilbao, N., S\u00e1nchez, P., Iriarte-yoller, N., Ledesma-gonz\u00e1lez, S., Tous-Espelosin, M., Ojeda, N. (2019). <strong><a href=\"https:\/\/onlinelibrary.wiley.com\/doi\/full\/10.1111\/pcn.12954\">Mediating role of cognition and social cognition on creativity among patients with schizophrenia and healthy controls\u202f: Revisiting the Shared Vulnerability Mode<\/a>l<\/strong>.\u00a0<i>Psychiatry and Clinical Neurosciences<\/i>, 1\u20137.<\/li>\n<\/ul>\n<ul>\n<li>Montoya-Murillo, G., Ibarretxe-Bilbao, N., Pe\u00f1a, J. y Ojeda, N. (2019<a href=\"https:\/\/onlinelibrary.wiley.com\/doi\/abs\/10.1002\/gps.5062\">) <strong>The impact of apathy on cognitive performance in the elderly<\/strong><\/a>. <em>International Journal of Geriatric Psychiatry, 34(5), 657-665.<\/em><\/li>\n<\/ul>\n<ul>\n<li>Montoya-Murillo G, Ibarretxe-Bilbao N, Pe\u00f1a J, Ojeda N (2019). (In press). <a href=\"https:\/\/sciencedirect.com\/science\/article\/pii\/S1064748119305469\"><strong>Effects of cognitive rehabilitation on cognition, apathy, quality of life, and subjective complaints in the elderly: a randomized controlled trial<\/strong>.<\/a> <em>The American Journal of Geriatric Psychiatry.<\/em><\/li>\n<\/ul>\n<ul>\n<li>G\u00f3mez-Gastiasoro, A., Pe\u00f1a, J., Ibarretxe-Bilbao, N., Lucas-Jim\u00e9nez, O., D\u00edez-Cirarda, M., Rilo, O., Montoya-Murillo, G, Zubiaurre-Elorza, L., Ojeda, N. (2019). <strong><a href=\"https:\/\/hindawi.com\/journals\/bn\/2019\/4647134\/\">A neuropsychological rehabilitation program for cognitive impairment in psychiatric and neurological conditions: a review that supports its efficacy<\/a>.<\/strong> <em>Behavioural Neurology. Volume 2019, Article ID 4647134.<\/em><\/li>\n<\/ul>\n<ul>\n<li>G\u00f3mez-Gastiasoro, A., Pe\u00f1a, J., Zubiaurre-Elorza, L., Ibarretxe-Bilbao, N., Ojeda, N. (2019<a href=\"https:\/\/onlinelibrary.wiley.com\/doi\/full\/10.1002\/mpr.1802\">). <strong>Equivalent short forms of the Situational Feature Recognition Test 2: psychometric properties and analysis of inter-form equivalence and test-retest reliability<\/strong><\/a>. <em>International Journal of Methods in Psychiatric Research.<\/em><\/li>\n<\/ul>\n<\/div>\n<\/div><\/div><\/div><div id=\"pgc-3563-3-1\"  class=\"panel-grid-cell\" ><div id=\"panel-3563-3-1-0\" class=\"so-panel widget widget_sow-editor panel-first-child panel-last-child\" data-index=\"6\" ><div\n\t\t\t\n\t\t\tclass=\"so-widget-sow-editor so-widget-sow-editor-base\"\n\t\t\t\n\t\t>\n<div class=\"siteorigin-widget-tinymce textwidget\">\n\t<h3><span style=\"color: #ffffff;\"><strong>2019<\/strong><\/span><\/h3>\n<ul>\n<li>Ane Murueta\u2010Goyena, Roc\u00edo del Pino, Paula Reyero, Marta Gald\u00f3s, Bego\u00f1a Arana, Olaia Lucas\u2010Jim\u00e9nez, Marian Acera, Beatriz Tijero, Naroa Ibarretxe\u2010Bilbao, Natalia Ojeda, Javier Pe\u00f1a, Jes\u00fas Cort\u00e9s, Juan Carlos G\u00f3mez\u2010Esteban, I\u00f1igo Gabilondo. (2019) <strong><a href=\"https:\/\/onlinelibrary.wiley.com\/doi\/full\/10.1002\/mds.27728\">Parafoveal thinning of inner retina is associated with visual dysfunction in Lewy body diseases.<\/a><\/strong> <em>Published online in Wiley Online Library.<\/em><\/li>\n<\/ul>\n<ul>\n<li>G\u00f3mez-Gastiasoro, A.,\u00a0Pe\u00f1a, J., Zubiaurre-Elorza, L., Del Pino, R., Ibarretxe-Bilbao, N., Ojeda, N. (2019). <a href=\"https:\/\/aps.onlinelibrary.wiley.com\/doi\/full\/10.1111\/cp.12191?af=R\"><strong>Cognitive scores as a potential diagnostic tool in schizophrenia: the use of raw and discrepancy scores.<\/strong>\u00a0<\/a><em>Clinical Psychologist.<\/em><\/li>\n<\/ul>\n<ul>\n<li>Ojeda N,\u00a0S\u00e1nchez P,\u00a0G\u00f3mez-Gastiasoro A,\u00a0Pe\u00f1a J,\u00a0Elizag\u00e1rate E,\u00a0Ezcurra J,\u00a0Ibarretxe-Bilbao N,\u00a0Guti\u00e9rrez M. (2019). <strong><a href=\"https:\/\/elsevier.es\/es-revista-revista-psiquiatria-salud-mental-286-avance-resumen-modelo-predictivo-funcionalidad-esquizofrenia-una-S1888989119300412\">A predictive model of outcome in schizophrenia: a structural equation modeling approach.<\/a> <\/strong><em>Revista de Psiquiatr\u00eda y Salud Mental.<\/em><\/li>\n<\/ul>\n<ul>\n<li>G\u00f3mez-Gastiasoro, A., Zubiaurre-Elorza, L., Pe\u00f1a, J., Ibarretxe-Bilbao, N., Rilo, O., Schretlen, D., Ojeda, N. (2019).<strong> <a href=\"https:\/\/sciencedirect.com\/science\/article\/pii\/S2213158219301317\">Altered frontal white matter asymmetry and its implications for cognition in schizophrenia: a tractography study<\/a><\/strong>. <em>NeuroImage: Clinical. Volume 22, 101781.<\/em><\/li>\n<\/ul>\n<ul>\n<li>Pe\u00f1a J, Sampedro A, Ibarretxe-Bilbao N, Zubiaurre-Elorza L &amp; Ojeda N. (2019). <strong><a href=\"https:\/\/nature.com\/articles\/s41598-019-43626-4\">Improvement in creativity after transcranial random noise stimulation (tRNS) over the left dorsolateral prefrontal cortex<\/a>.<\/strong> <em>Springer Nature, Scientific Reports.<\/em><\/li>\n<\/ul>\n<\/div>\n<\/div><\/div><\/div><\/div><div id=\"pg-3563-4\"  class=\"panel-grid panel-no-style\" ><div id=\"pgc-3563-4-0\"  class=\"panel-grid-cell\" ><div id=\"panel-3563-4-0-0\" class=\"so-panel widget widget_sow-editor panel-first-child panel-last-child\" data-index=\"7\" ><div\n\t\t\t\n\t\t\tclass=\"so-widget-sow-editor so-widget-sow-editor-base\"\n\t\t\t\n\t\t>\n<div class=\"siteorigin-widget-tinymce textwidget\">\n\t<h3><strong><span style=\"color: #64a592;\">2018<\/span><\/strong><\/h3>\n<ul>\n<li>Del Pino, R., Pe\u00f1a, J., Ibarretxe-Bilbao, N., Schretlen, D. J., &amp; Ojeda, N. (2018). <strong><a href=\"https:\/\/onlinelibrary.wiley.com\/doi\/full\/10.1002\/gps.5062\">Demographically-calibrated Norms for two Premorbid Intelligence Measures: the Word Accentuation Test and Pseudo-Words Reading subtest<\/a><\/strong>. <em>Frontiers in psychology<\/em>,\u00a0<em>9<\/em>, 1950.<\/li>\n<\/ul>\n<ul>\n<li>D\u00edez-Cirarda M., Ibarretxe-Bilbao N., Pe\u00f1a J., Ojeda N. (2018) <a href=\"https:\/\/hindawi.com\/journals\/np\/2018\/2651918\/\"><strong>Neurorehabilitation in Parkinson\u2019s disease: a critical review of cognitive rehabilitation effects on cognition and brain.<\/strong> Review Article. Neural Plasticity<\/a>. Annual Special Issue on Neurorehabilitation.<\/li>\n<\/ul>\n<ul>\n<li>Rilo O., Pe\u00f1a J., Ojeda N., Rodr\u00edguez-Antig\u00fcedad A., Mendibe-Bilbao M., G\u00f3mez-Gastiasoro A., DeLuca J., Chiaravalloti N., Ibarretxe-Bilbao N. (2018). <a href=\"https:\/\/tandfonline.com\/doi\/full\/10.1080\/09638288.2016.1250168\"><strong>Integrative group-based cognitive rehabilitation efficacy in multiple sclerosis: a randomized clinical trial.<\/strong><\/a><em>Disability and Rehabilitation, 40<\/em>(2), 208-216.<\/li>\n<\/ul>\n<ul>\n<li>D\u00edez-Cirarda M, Ibarretxe-Bilbao N, Pe\u00f1a J<strong>, <\/strong>Ojeda N, (2018) <strong><a href=\"http:\/\/nrronline.org\/article.asp?issn=1673-5374;year=2018;volume=13;issue=2;spage=226;epage=227;aulast=Diez%2DCirarda\">Efficacy of cognitive rehabilitation in Parkinson\u2019s disease. <\/a><\/strong><em>Neural Regeneration Research, 13<\/em>(2):226-227.<\/li>\n<\/ul>\n<ul>\n<li>D\u00edez-Cirarda M, Strafella AP, Kim J., Pe\u00f1a J, Ojeda N<strong>,<\/strong> Cabrera-Zubizarreta A, Ibarretxe-Bilbao N. (2018) <a href=\"https:\/\/sciencedirect.com\/science\/article\/pii\/S2213158217303182?via%3Dihub\"><strong>Dynamic functional connectivity in Parkinson\u2019s disease patients with mild cognitive impairment and normal cognition<\/strong><\/a><strong>.<\/strong>\u00a0 <em>Neuroimage: Clinical, 17, 847-855.<\/em><\/li>\n<\/ul>\n<\/div>\n<\/div><\/div><\/div><div id=\"pgc-3563-4-1\"  class=\"panel-grid-cell\" ><div id=\"panel-3563-4-1-0\" class=\"so-panel widget widget_sow-editor panel-first-child panel-last-child\" data-index=\"8\" ><div\n\t\t\t\n\t\t\tclass=\"so-widget-sow-editor so-widget-sow-editor-base\"\n\t\t\t\n\t\t>\n<div class=\"siteorigin-widget-tinymce textwidget\">\n\t<h3><span style=\"color: #ffffff;\"><strong>2018<\/strong><\/span><\/h3>\n<ul>\n<li>D\u00edez-Cirarda M, Ojeda N, Pe\u00f1a J, Cabrera-Zubizarreta A, Lucas-Jim\u00e9nez O, G\u00f3mez-Esteban J.C., G\u00f3mez-Beldarrain M.A., Ibarretxe-Bilbao N (2018). <strong><a href=\"https:\/\/onlinelibrary.wiley.com\/doi\/full\/10.1111\/ene.13472\">Long-term effects of cognitive rehabilitation in brain, functional outcome and cognition in Parkinson\u2019s disease<\/a><\/strong>. <em>European Journal of Neurology,\u00a025,<\/em>5-12.<\/li>\n<\/ul>\n<ul>\n<li>G\u00f3mez-Gastiasoro, A., Pe\u00f1a, J., Zubiaurre-Elorza, L., Ibarretxe-Bilbao, N., &amp; Ojeda, N. (2018). <strong><a href=\"https:\/\/sciencedirect.com\/science\/article\/pii\/S016517811830091X\">Spanish adaptation and validation of the situational feature recognition test 2 (SFRT-2) in patients with schizophrenia and healthy controls<\/a>.<\/strong> <em>Psychiatry research, 270, 225-231.<\/em><\/li>\n<\/ul>\n<ul>\n<li>Garc\u00eda-Guerrero, M. A., G\u00f3mez, P. S., Lasa, J. P., Zapirain, J. P., Zabala, E. E., Bernal, V. G., &amp; del Pozo, N. O. (2018).<strong> <a href=\"https:\/\/elsevier.es\/es-revista-revista-psiquiatria-salud-mental-286-avance-resumen-effect-psychiatric-symptoms-quality-life-S1888989118300600\">Effect of psychiatric symptoms and quality of life on cognitive performance in HCV patients.<\/a><\/strong> <em>Revista de Psiquiatr\u00eda y Salud Mental.<\/em><\/li>\n<\/ul>\n<ul>\n<li>Lucas-Jim\u00e9nez O, Ojeda N, Pe\u00f1a J, Cabrera-Zubizarreta A, D\u00edez-Cirarda M, G\u00f3mez-Esteban JC, G\u00f3mez-Beldarrain M, Ibarretxe-Bilbao N. (2018) <strong><a href=\"https:\/\/onlinelibrary.wiley.com\/doi\/full\/10.1002\/acn3.578\">Apathy and brain alterations in Parkinson\u2019s disease: A multimodal imaging study.<\/a> <\/strong><em>Annals of Clinical and Translational Neurology.<\/em><\/li>\n<\/ul>\n<ul>\n<li>Pe\u00f1a, N. Ibarretxe-Bilbao, P. S\u00e1nchez, J.J. Uriarte, E. Elizagarate, M. Gutierrez<strong>, <\/strong>N. Ojeda. (2018) <strong><a href=\"https:\/\/sciencedirect.com\/science\/article\/pii\/S0022395617313043?via%3Dihub\">Mechanisms of functional improvement through cognitive rehabilitation in schizophrenia<\/a>.<\/strong> <em>Journal of Psychiatric Research.<\/em><\/li>\n<\/ul>\n<\/div>\n<\/div><\/div><\/div><\/div><div id=\"pg-3563-5\"  class=\"panel-grid panel-no-style\" ><div id=\"pgc-3563-5-0\"  class=\"panel-grid-cell panel-grid-cell-mobile-last\" ><div id=\"panel-3563-5-0-0\" class=\"so-panel widget widget_sow-editor panel-first-child panel-last-child\" data-index=\"9\" ><div\n\t\t\t\n\t\t\tclass=\"so-widget-sow-editor so-widget-sow-editor-base\"\n\t\t\t\n\t\t>\n<div class=\"siteorigin-widget-tinymce textwidget\">\n\t<h3><strong><span style=\"color: #64a592;\">2017<\/span><\/strong><\/h3>\n<ul>\n<li>Luna-Lario P, Pena J, Ojeda N (2017). <a href=\"https:\/\/neurologia.com\/articulo\/2016437\"><strong>Comparaci\u00f3n de la escala de memoria de Wechsler-III y el test de aprendizaje verbal Espa\u00f1a-Complutense en el da\u00f1o cerebral adquirido: validez de constructo y validez ecol\u00f3gica<\/strong><\/a>. Revista Neurolog\u00eda, 34(08).<\/li>\n<\/ul>\n<\/div>\n<\/div><\/div><\/div><div id=\"pgc-3563-5-1\"  class=\"panel-grid-cell panel-grid-cell-empty\" ><\/div><\/div><div id=\"pg-3563-6\"  class=\"panel-grid panel-no-style\" ><div id=\"pgc-3563-6-0\"  class=\"panel-grid-cell\" ><div id=\"panel-3563-6-0-0\" class=\"so-panel widget widget_sow-editor panel-first-child panel-last-child\" data-index=\"10\" ><div\n\t\t\t\n\t\t\tclass=\"so-widget-sow-editor so-widget-sow-editor-base\"\n\t\t\t\n\t\t>\n<div class=\"siteorigin-widget-tinymce textwidget\">\n\t<h3><strong><span style=\"color: #64a592;\">2016<\/span><\/strong><\/h3>\n<ul>\n<li>Gabilondo I, Rilo O, Ojeda N, Pe\u00f1a J, G\u00f3mez-Gastiasoro A, Mendibe M, Rodr\u00edguez-Antiguedad A, Cabrera-Zubizarreta A, Diez I, Ibarretxe-Bilbao N. (2016). <strong><a href=\"https:\/\/journals.sagepub.com\/doi\/10.1177\/1352458516676642\">The influence of posterior visual pathway damage on visual information processing speed in multiple sclerosis<\/a><\/strong>. <em>Multiple Sclerosis, 23<\/em>(9), 1276-1288.<\/li>\n<\/ul>\n<ul>\n<li>Ojeda N, del Pino R, Ibarretxe-Bilbao N, David J. Schretlen, Pe\u00f1a J (2016). <a href=\"https:\/\/neurologia.com\/articulo\/2016241\"><strong>Test de evaluaci\u00f3n cognitiva de Montreal: normalizaci\u00f3n y estandarizaci\u00f3n de la prueba en poblaci\u00f3n espa\u00f1ola<\/strong><\/a><strong>.<\/strong> <em>Revista de Neurolog\u00eda,<\/em>\u00a063, 488-96.<\/li>\n<\/ul>\n<ul>\n<li>Del Pino R, Pe\u00f1a J, Ibarretxe-Bilbao N, Schretlen DJ, Ojeda N. (2016) <a href=\"https:\/\/neurologia.com\/articulo\/2015274\"><strong>Test modificado de clasificaci\u00f3n de tarjetas de Wisconsin: normalizaci\u00f3n y estandarizaci\u00f3n de la prueba en poblaci\u00f3n espa\u00f1ola.<\/strong><\/a> <em>Revista de neurologia,<\/em> 62: 193-202<\/li>\n<\/ul>\n<ul>\n<li>Pe\u00f1a J, \u00a0Del Pino R, Ibarretxe-Bilbao N, Schretlen DJ, Ojeda N. (2016) <strong><a href=\"https:\/\/neurologia.com\/articulo\/2015307\">Test de comparaci\u00f3n perceptual de Salthouse: normalizaci\u00f3n y estandarizaci\u00f3n de la prueba en poblaci\u00f3n espa\u00f1ola.<\/a><\/strong> <em>Revista de neurologia.<\/em> 62: 13-22<\/li>\n<\/ul>\n<ul>\n<li>Pe\u00f1a, J., Ibarretxe-Bilbao, N., S\u00e1nchez, P., Iriarte, M. B., Elizagarate, E., Garay, M. A., \u2026 &amp; Ojeda, N. (2016). <a href=\"https:\/\/nature.com\/articles\/npjschz201637\"><strong>Combining social cognitive treatment, cognitive remediation, and functional skills training in schizophrenia: a randomized controlled trial<\/strong><\/a><strong>.<\/strong>\u00a0<em>npj Schizophrenia<\/em>,\u00a0<em>2<\/em>, 16037.<\/li>\n<\/ul>\n<ul>\n<li>Rilo O, Pe\u00f1a J, Ojeda N, Rodr\u00edguez-Antig\u00fcedad A, Mendibe-Bilbao M, G\u00f3mez-Gastiasoro A, DeLuca J, Chiaravalloti N, Ibarretxe-Bilbao N (2016). <a href=\"https:\/\/tandfonline.com\/doi\/full\/10.1080\/09638288.2016.1250168\"><strong>Integrative group-based cognitive rehabilitation efficacy in multiple sclerosis: A randomised clinical trial<\/strong><\/a><strong>.<\/strong>Disability and Rehabilitation.<\/li>\n<\/ul>\n<\/div>\n<\/div><\/div><\/div><div id=\"pgc-3563-6-1\"  class=\"panel-grid-cell\" ><div id=\"panel-3563-6-1-0\" class=\"so-panel widget widget_sow-editor panel-first-child panel-last-child\" data-index=\"11\" ><div\n\t\t\t\n\t\t\tclass=\"so-widget-sow-editor so-widget-sow-editor-base\"\n\t\t\t\n\t\t>\n<div class=\"siteorigin-widget-tinymce textwidget\">\n\t<h3><span style=\"color: #ffffff;\"><strong>2016<\/strong><\/span><\/h3>\n<ul>\n<li>D\u00edez-Cirarda M, Ojeda N, Pe\u00f1a J, Cabrera-Zubizarreta A, Lucas-Jim\u00e9nez O, G\u00f3mez-Esteban J.C., G\u00f3mez-Beldarrain M.A., Ibarretxe-Bilbao N (2016) <a href=\"https:\/\/link.springer.com\/article\/10.1007%2Fs11682-016-9639-x\"><strong>Increased brain connectivity and activation after cognitive rehabilitation in Parkinson\u2019s disease: a randomized controlled trial<\/strong>.<\/a> Brain Imaging and Behavior, 11(6), 1640-1651<\/li>\n<\/ul>\n<ul>\n<li>Lucas-Jim\u00e9nez O, Ojeda N, Pe\u00f1a J, D\u00edez-Cirarda M, Cabrera-Zubizarreta A, G\u00f3mez-Esteban JC, G\u00f3mez-Beldarrain M, Ibarretxe-Bilbao N. (2016). <strong><a href=\"https:\/\/sciencedirect.com\/science\/article\/pii\/S1353802016303376?via%3Dihub\">Altered functional connectivity in the default mode network is associated with cognitive impairment and brain anatomical changes in Parkinson\u2019s disease<\/a><\/strong>. Parkinsonism &amp; Related Disorders.<\/li>\n<\/ul>\n<ul>\n<li>Luna-Lario, P., Ojeda, N., Tirapu-Ustarroz, J., &amp; Pena, J. (2016<a href=\"https:\/\/neurologia.com\/articulo\/2016034\/eng\">). <strong>Impact of acquired brain injury towards the community integration: employment outcome, disability and dependence two years after injury<\/strong><\/a><strong>.<\/strong>\u00a0<em>Revista de neurologia<\/em>, <em>62<\/em>(12), 539-548.<\/li>\n<\/ul>\n<ul>\n<li>Bezdicek, O., Mot\u00e1k, L., Schretlen, D., Axelrod, B., Pe\u00f1a J., Ojeda N., Ruzicka, E (2016). <strong><a href=\"http:\/\/apb2.2020staging.com\/journal\/index.php\/AAP\/article\/view\/71\">Sociocultural and Language Differences in Performance on the Trail Making Test.<\/a> <\/strong><em>Neuropsychological Assessment Vol 6 No 1.<\/em><\/li>\n<\/ul>\n<ul>\n<li>Ojeda N<strong>,<\/strong> Aretoulli E, Pe\u00f1a J, Schretlen DJ (2016). <strong><a href=\"https:\/\/onlinelibrary.wiley.com\/doi\/full\/10.1111\/jnp.12059\">Age differences in cognitive performance: A study of cultural differences in Historical Context<\/a>.<\/strong> Journal of Neuropsychology. 10(1), 104-15.<\/li>\n<\/ul>\n<\/div>\n<\/div><\/div><\/div><\/div><div id=\"pg-3563-7\"  class=\"panel-grid panel-no-style\" ><div id=\"pgc-3563-7-0\"  class=\"panel-grid-cell\" ><div id=\"panel-3563-7-0-0\" class=\"so-panel widget widget_sow-editor panel-first-child panel-last-child\" data-index=\"12\" ><div\n\t\t\t\n\t\t\tclass=\"so-widget-sow-editor so-widget-sow-editor-base\"\n\t\t\t\n\t\t>\n<div class=\"siteorigin-widget-tinymce textwidget\">\n\t<h3><strong><span style=\"color: #64a592;\">2015<\/span><\/strong><\/h3>\n<ul>\n<li>Del Pino R, Pe\u00f1a J, Schretlen DJ, Ibarretxe-Bilbao N, Ojeda N. (2015) <strong><a href=\"https:\/\/neurologia.com\/articulo\/2015168\">Test de la Figura Compleja de Taylor: Administraci\u00f3n y correcci\u00f3n seg\u00fan un proceso de Normalizaci\u00f3n y Estandarizaci\u00f3n en poblaci\u00f3n Espa\u00f1ola.<\/a><\/strong> <em>Revista de neurologia,<\/em> 61:395-404.<\/li>\n<\/ul>\n<ul>\n<li>D\u00edez-Cirarda, M, Ojeda, N, Pe\u00f1a, J, Cabrera-Zubizarreta, A, G\u00f3mez-Beldarrain, M, G\u00f3mez-Esteban, J.C, Ibarretxe-Bilbao, N. (2015) <strong><a href=\"https:\/\/journals.plos.org\/plosone\/article?id=10.1371\/journal.pone.0142234\">Neuroanatomical correlates of Theory of Mind deficit in Parkinson\u2019s disease: A multimodal imaging Study<\/a><\/strong>. PloS ONE.<\/li>\n<\/ul>\n<ul>\n<li>Lucas-Jim\u00e9nez, O., D\u00edez-Cirarda, M., Ojeda, N., Pe\u00f1a, J., Cabrera-Zubizarreta, A. Ibarretxe-Bilbao, N. (2015).<strong> <a href=\"https:\/\/content.iospress.com\/articles\/journal-of-parkinsons-disease\/jpd150623\">Verbal memory in Parkinson\u2019s disease: A combined DTI and fMRI study.<\/a><\/strong> <em>Journal of Parkinson\u2019s Disease<\/em>.<\/li>\n<\/ul>\n<\/div>\n<\/div><\/div><\/div><div id=\"pgc-3563-7-1\"  class=\"panel-grid-cell\" ><div id=\"panel-3563-7-1-0\" class=\"so-panel widget widget_sow-editor panel-first-child panel-last-child\" data-index=\"13\" ><div\n\t\t\t\n\t\t\tclass=\"so-widget-sow-editor so-widget-sow-editor-base\"\n\t\t\t\n\t\t>\n<div class=\"siteorigin-widget-tinymce textwidget\">\n\t<h3><span style=\"color: #ffffff;\"><strong>2015<\/strong><\/span><\/h3>\n<ul>\n<li>Pe\u00f1a J., S\u00e1nchez P., Elizag\u00e1rate E., Ibarretxe-Bilbao N., Ezcurra J., Caballero L., Magari\u00f1os M.,\u00a0 Garc\u00eda Del Castillo I., Guti\u00e9rrez M., Ojeda N (2015).<strong> <a href=\"https:\/\/sciencedirect.com\/science\/article\/pii\/S2215001315000232\">Recuperaci\u00f3n cl\u00ednica pero no cognitiva en esquizofrenia a traves de la experiencia del cine de ficci\u00f3n<\/a><\/strong>. <em>Schizophrenia Research and Cognition,<\/em>\u00a0<em>2<\/em>(4), 214-219.<\/li>\n<\/ul>\n<ul>\n<li>Del Pino R, Pe\u00f1a J, Ibarretxe-Bilbao N, Schretlen DJ, Ojeda N. (2015). <strong><a href=\"https:\/\/neurologia.com\/articulo\/2014481\">Estudio Multic\u00e9ntrico de Normalizaci\u00f3n y Estandarizaci\u00f3n de Instrumentos Neuropsicol\u00f3gicos en personas sanas para poblaci\u00f3n Espa\u00f1ola: Metodolog\u00eda y caracter\u00edsticas del proyecto Normacog.<\/a> <\/strong><em>Revista de Neurologia, 61,<\/em> 57-65.<\/li>\n<\/ul>\n<ul>\n<li>Moreno JA, Nicholls E, Ojeda N, De Los Reyes-Arag\u00f3n CJ, Rivera D, Arango-Lasprilla JC. (2015). <strong><a href=\"https:\/\/link.springer.com\/article\/10.1007\/s10823-015-9270-0\">Caregiving in Dementia and its Impact on Psychological Functioning and Health-Related Quality of Life: Findings from a Colombian Sample<\/a><\/strong>. <em>J Cross Cult Gerontol.<\/em> 2015 Aug 20. 30(4):393-408.<\/li>\n<\/ul>\n<\/div>\n<\/div><\/div><\/div><\/div><div id=\"pg-3563-8\"  class=\"panel-grid panel-no-style\" ><div id=\"pgc-3563-8-0\"  class=\"panel-grid-cell\" ><div id=\"panel-3563-8-0-0\" class=\"so-panel widget widget_sow-editor panel-first-child panel-last-child\" data-index=\"14\" ><div\n\t\t\t\n\t\t\tclass=\"so-widget-sow-editor so-widget-sow-editor-base\"\n\t\t\t\n\t\t>\n<div class=\"siteorigin-widget-tinymce textwidget\">\n\t<h3><strong><span style=\"color: #64a592;\">2014<\/span><\/strong><\/h3>\n<ul>\n<li>Rad\u00faa J, Ojeda N, G\u00f3mez J, Guill\u00e9n-Grima F, Ortu\u00f1o F. (2014) <strong><a href=\"https:\/\/sciencedirect.com\/science\/article\/abs\/pii\/S0028393214001018\">Meta-analysis of functional neuroimaging studies indicates that an increase of cognitive difficulty during executive tasks engages brain regions associated with time perception<\/a>.<\/strong><em>Neuropsychologia<\/em> 58\u00a0 14\u201322.<\/li>\n<\/ul>\n<ul>\n<li>Chiaravalloti, N. D., Ibarretxe-Bilbao, N., DeLuca, J., Rusu, O., Pena, J., Garc\u00eda-Gorostiaga, I., Ojeda, N.\u00a0 (2014). <strong><a href=\"https:\/\/onlinelibrary.wiley.com\/doi\/full\/10.1002\/mds.25842\">The Source of the Memory Impairment in Parkinson\u2019s Disease: Acquisition versus Retrieval<\/a>.<\/strong> <em>Movement Disorders<\/em>, 29, 765-771.<\/li>\n<\/ul>\n<\/div>\n<\/div><\/div><\/div><div id=\"pgc-3563-8-1\"  class=\"panel-grid-cell\" ><div id=\"panel-3563-8-1-0\" class=\"so-panel widget widget_sow-editor panel-first-child panel-last-child\" data-index=\"15\" ><div\n\t\t\t\n\t\t\tclass=\"so-widget-sow-editor so-widget-sow-editor-base\"\n\t\t\t\n\t\t>\n<div class=\"siteorigin-widget-tinymce textwidget\">\n\t<h3><span style=\"color: #ffffff;\"><strong>2014<\/strong><\/span><\/h3>\n<ul>\n<li>S\u00e1nchez P, Pe\u00f1a J, Bengoetxea E, Ojeda N, Elizag\u00e1rate E, Ezcurra J, Guti\u00e9rrez M. (2014) <strong><a href=\"https:\/\/academic.oup.com\/schizophreniabulletin\/article\/40\/3\/707\/1904317\">Improvements in negative symptoms and functional outcome after a new generation cognitive remediation program: A randomized controlled trial<\/a>.<\/strong> Schizophrenia Bulletin, 40(3):707-15.<\/li>\n<\/ul>\n<ul>\n<li>Pe\u00f1a, J., Ibarretxe-Bilbao, N., Garc\u00eda-Gorostiaga, I., Gomez-Beldarrain, M. A., D\u00edez-Cirarda, M., &amp; Ojeda, N. (2014).<strong> <a href=\"https:\/\/n.neurology.org\/content\/83\/23\/2167.long\">Improving functional disability and cognition in Parkinson disease Randomized controlled trial.<\/a><\/strong> Neurology, 83(23), 2167-2174<\/li>\n<\/ul>\n<\/div>\n<\/div><\/div><\/div><\/div><div id=\"pg-3563-9\"  class=\"panel-grid panel-no-style\" ><div id=\"pgc-3563-9-0\"  class=\"panel-grid-cell\" ><div id=\"panel-3563-9-0-0\" class=\"so-panel widget widget_sow-editor panel-first-child panel-last-child\" data-index=\"16\" ><div\n\t\t\t\n\t\t\tclass=\"so-widget-sow-editor so-widget-sow-editor-base\"\n\t\t\t\n\t\t>\n<div class=\"siteorigin-widget-tinymce textwidget\">\n\t<h3><strong><span style=\"color: #64a592;\">2013<\/span><\/strong><\/h3>\n<ul>\n<li>Luna-Lario P, Blanco-Berega\u00f1a M, Tirapu-Ust\u00e1rroz J, Ojeda N, Mata-Pastor I. (2013). <strong><a href=\"https:\/\/neurologia.com\/articulo\/2013227\">Trayectoria laboral, discapacidad y dependencia tras da\u00f1o cerebral adquirido: estudio prospectivo en los dos a\u00f1os siguientes a la lesi\u00f3n cerebral<\/a>.<\/strong> <em>Revista de Neurolog\u00eda<\/em>, 57 (6): 241-250.<\/li>\n<\/ul>\n<\/div>\n<\/div><\/div><\/div><div id=\"pgc-3563-9-1\"  class=\"panel-grid-cell\" ><div id=\"panel-3563-9-1-0\" class=\"so-panel widget widget_sow-editor panel-first-child panel-last-child\" data-index=\"17\" ><div\n\t\t\t\n\t\t\tclass=\"so-widget-sow-editor so-widget-sow-editor-base\"\n\t\t\t\n\t\t>\n<div class=\"siteorigin-widget-tinymce textwidget\">\n\t<h3><span style=\"color: #ffffff;\"><strong>2013<\/strong><\/span><\/h3>\n<ul>\n<li>Schretlen, D.J., Pe\u00f1a, J, Aretouli, E, Orue, I, Cascella, NG, Pearlson, GD,\u00a0 Ojeda, N. (2013). <strong><a href=\"https:\/\/onlinelibrary.wiley.com\/doi\/abs\/10.1111\/bdi.12075\">Confirmatory Factor Analysis Reveals a Latent Cognitive Structure Common to Schizophrenia, Bipolar Disorder, and Healthy Adults.<\/a><\/strong> Bipolar Disorders, 15, 422-433.<\/li>\n<\/ul>\n<\/div>\n<\/div><\/div><\/div><\/div><div id=\"pg-3563-10\"  class=\"panel-grid panel-no-style\" ><div id=\"pgc-3563-10-0\"  class=\"panel-grid-cell\" ><div id=\"panel-3563-10-0-0\" class=\"so-panel widget widget_sow-editor panel-first-child panel-last-child\" data-index=\"18\" ><div\n\t\t\t\n\t\t\tclass=\"so-widget-sow-editor so-widget-sow-editor-base\"\n\t\t\t\n\t\t>\n<div class=\"siteorigin-widget-tinymce textwidget\">\n\t<h3><strong><span style=\"color: #64a592;\">2012<\/span><\/strong><\/h3>\n<ul>\n<li>Ojeda N., Pe\u00f1a J, Schretlen DJ, S\u00e1nchez P, Aretouli E, Elizag\u00e1rate E, Ezcurra J, Guti\u00e9rrez M. (2012). <strong><a href=\"https:\/\/sciencedirect.com\/science\/article\/abs\/pii\/S0920996411006578\">Hierarchical structure of the cognitive processes in schizophrenia: the fundamental role of processing speed<\/a>.<\/strong> Schizophrenia Research, 135(1-3):72-8.<\/li>\n<\/ul>\n<ul>\n<li>Ojeda N., S\u00e1nchez P., Pe\u00f1a J., Elizag\u00e1rate E., Yoller A.B., Guti\u00e9rrez-Fraile M., Ezcurra J., Olatz Napal (2012). <strong><a href=\"https:\/\/actaspsiquiatria.es\/repositorio\/14\/75\/ENG\/14-75-ENG-10-18-158379.pdf\">An explanatory model of quality of life in schizophrenia: the role of processing speed and negative symptoms<\/a><\/strong>. Actas Espa\u00f1olas de Psiquiatr\u00eda, 40(1):10-8.<\/li>\n<\/ul>\n<ul>\n<li>Pe\u00f1a J., Segarra R., Ojeda N., Garc\u00eda J., Egu\u00edluz JI, Gutierrez M. (2012). <strong><a href=\"https:\/\/sciencedirect.com\/science\/article\/pii\/S0022395612000969\">Do the same factors predict outcome in schizophrenia and non-schizophrenia syndromes after first-episode psychosis? A two-year follow-up study<\/a><\/strong>. Journal of Psychiatric Research, 46(6):774-81.<\/li>\n<\/ul>\n<ul>\n<li>Ojeda N., Pe\u00f1a J., Segarra R., Sanchez P., Bengoetxea E., Egu\u00edluz JI., Gutierrez M. (2012). <strong><a href=\"https:\/\/content.iospress.com\/articles\/neurorehabilitation\/nre00728\">Efficiency of cognitive rehabilitation in chronic treatment resistant Hispanic patients with schizophrenia with the Rehacop<\/a>.<\/strong> Neurorehabilitation, 30, 65-74.<\/li>\n<\/ul>\n<ul>\n<li>Ojeda N., Pe\u00f1a J., Bengoetxea E, Garc\u00eda A., S\u00e1nchez P., Segarra R. C, Ezcurra J.,\u00a0 Guti\u00e9rrez Fraile M.,\u00a0 Egu\u00edluz J.I. C. (2012).<strong> <a href=\"https:\/\/neurologia.com\/articulo\/2011514\">REHACOP: Programa de Rehabilitaci\u00f3n Cognitiva en Psicosis<\/a><\/strong>. Revista de Neurolog\u00eda, 54 (6): 337-342.<\/li>\n<\/ul>\n<\/div>\n<\/div><\/div><\/div><div id=\"pgc-3563-10-1\"  class=\"panel-grid-cell\" ><div id=\"panel-3563-10-1-0\" class=\"so-panel widget widget_sow-editor panel-first-child panel-last-child\" data-index=\"19\" ><div\n\t\t\t\n\t\t\tclass=\"so-widget-sow-editor so-widget-sow-editor-base\"\n\t\t\t\n\t\t>\n<div class=\"siteorigin-widget-tinymce textwidget\">\n\t<h3><span style=\"color: #ffffff;\"><strong>2012<\/strong><\/span><\/h3>\n<ul>\n<li>Ojeda N., Pe\u00f1a J., Bengoetxea E., Garc\u00eda A, S\u00e1nchez P, Segarra R, Ezcurra J. Guti\u00e9rrez Fraile M,\u00a0 Egu\u00edluz JI. (2012). <a href=\"https:\/\/neurologia.com\/articulo\/2011515\"><strong>Evidencias de eficacia de la Rehabilitaci\u00f3n Cognitiva en Psicosis y esquizofrenia con el programa Rehacop<\/strong>.<\/a> Revista de Neurolog\u00eda, 54 (10): 577-586.<\/li>\n<\/ul>\n<ul>\n<li>Segarra, R., Ojeda, N.,\u00a0 Pe\u00f1a, J., Rodr\u00edguez-Morales, A., Ruiz, I., Hidalgo, R., Buron, JA., Egu\u00edluz, JI., Guti\u00e9rrez, M. (2012). <strong><a href=\"https:\/\/sciencedirect.com\/science\/article\/abs\/pii\/S0924933810001410\">Longitudinal changes in insight in First Episode Psychosis and its relation to clinical symptoms, treatment adherence and global functioning: One year follow-up from the Eiffel study<\/a><\/strong>. European Psychiatry, 27(1):43-49.<\/li>\n<\/ul>\n<ul>\n<li>Napal O, Ojeda N, S\u00e1nchez P, Elizag\u00e1rate E, Pe\u00f1a J, Ezcurra J, Guti\u00e9rrez M. (2012). <strong><a href=\"https:\/\/medes.com\/publication\/75795\">Curso evolutivo de la esquizofrenia y su impacto en la cognici\u00f3n: una revisi\u00f3n de la literatura.<\/a> <\/strong>Actas Espa\u00f1olas de Psiquiatr\u00eda, 40(4):198-220.<\/li>\n<\/ul>\n<ul>\n<li>Segarra R, Ojeda N., Zabala A. (2012). <a href=\"https:\/\/link.springer.com\/article\/10.1007\/s00406-011-0218-2\"><strong>Similarities in early course among men and women with first episode of schizophrenia and schizophreniform disorder<\/strong>.<\/a> European Archives of Psychiatry and Clinical Neuroscience, 1-14.<\/li>\n<\/ul>\n<\/div>\n<\/div><\/div><\/div><\/div><div id=\"pg-3563-11\"  class=\"panel-grid panel-no-style\" ><div id=\"pgc-3563-11-0\"  class=\"panel-grid-cell\" ><div id=\"panel-3563-11-0-0\" class=\"so-panel widget widget_sow-editor panel-first-child panel-last-child\" data-index=\"20\" ><div\n\t\t\t\n\t\t\tclass=\"so-widget-sow-editor so-widget-sow-editor-base\"\n\t\t\t\n\t\t>\n<div class=\"siteorigin-widget-tinymce textwidget\">\n\t<h3><strong><span style=\"color: #64a592;\">2011<\/span><\/strong><\/h3>\n<ul>\n<li>Garc\u00eda A, Pe\u00f1a J, Ojeda N, Segarra R, Egu\u00edluz JI, Bengoetxea E, Guti\u00e9rrez M. (2011). <strong><a href=\"https:\/\/psiquiatria.com\/bibliopsiquis\/volumen.php?artid=6829&amp;idrev=1&amp;idvol=120\">\u00bfEn qu\u00e9 medida los aspectos neuropsicol\u00f3gicos nos ayudan a comprender el insight en psicosis?.<\/a> <\/strong>Psiquiatria.com,15:38.<\/li>\n<\/ul>\n<ul>\n<li>Pe\u00f1a J., Ojeda N., Segarra R., Eguiluz J.I., Garc\u00eda J., Guti\u00e9rrez M. (2011). <strong><a href=\"https:\/\/sciencedirect.com\/science\/article\/abs\/pii\/S0920996410015483\">Executive functioning correctly classified diagnoses in patients with first-episode psychosis: evidence from a 2-year longitudinal study<\/a>.<\/strong> Schizophrenia Research, 126, 77-80.<\/li>\n<\/ul>\n<\/div>\n<\/div><\/div><\/div><div id=\"pgc-3563-11-1\"  class=\"panel-grid-cell\" ><div id=\"panel-3563-11-1-0\" class=\"so-panel widget widget_sow-editor panel-first-child panel-last-child\" data-index=\"21\" ><div\n\t\t\t\n\t\t\tclass=\"so-widget-sow-editor so-widget-sow-editor-base\"\n\t\t\t\n\t\t>\n<div class=\"siteorigin-widget-tinymce textwidget\">\n\t<h3><span style=\"color: #ffffff;\"><strong>2011<\/strong><\/span><\/h3>\n<ul>\n<li>Segarra R., Zabala A., Egu\u00edluz JI., Ojeda N., Elizag\u00e1rate E., S\u00e1nchez P., Ballesteros J., Guti\u00e9rrez M. (2011).<strong> <a href=\"https:\/\/link.springer.com\/article\/10.1007\/s00406-010-0146-6\">Cognitive Performance and smoking in First Episode Psychosis: The\u00a0 Self-Medication Hypothesis.<\/a> <\/strong>European Archives of Psychiatry and Clinical Neuroscience, 261(4):241-50.<\/li>\n<\/ul>\n<\/div>\n<\/div><\/div><\/div><\/div><div id=\"pg-3563-12\"  class=\"panel-grid panel-no-style\" ><div id=\"pgc-3563-12-0\"  class=\"panel-grid-cell\" ><div id=\"panel-3563-12-0-0\" class=\"so-panel widget widget_sow-editor panel-first-child panel-last-child\" data-index=\"22\" ><div\n\t\t\t\n\t\t\tclass=\"so-widget-sow-editor so-widget-sow-editor-base\"\n\t\t\t\n\t\t>\n<div class=\"siteorigin-widget-tinymce textwidget\">\n\t<h3><strong><span style=\"color: #64a592;\">2010<\/span><\/strong><\/h3>\n<ul>\n<li>Segarra R., Ojeda Del Pozo N., Zabala A., Egu\u00edluz I., Guti\u00e9rrez Fraile M. (2010).<strong> <a href=\"https:\/\/semanticscholar.org\/paper\/Insight-in-first-episode-psychosis%3A-Conceptual-and-Echebarr%C3%ADa-Pozo\/e6f0df878fa558713d33c7a668eb75c2192ef4b8\">Insight in first Episode Psicosis: conceptual and clinical considerations.<\/a><\/strong> <em>The European Journal of Psychiatry<\/em>, 24, 78-86.<\/li>\n<\/ul>\n<ul>\n<li>Ojeda N., S\u00e1nchez P., Pe\u00f1a J., Elizag\u00e1rate E., Yoller A.B., Larumbe J., Guti\u00e9rrez M., Casais L., Ezcurra J. (2010). <a href=\"https:\/\/journals.lww.com\/jonmd\/Abstract\/2010\/04000\/Verbal_Fluency_in_Schizophrenia__Does_Cognitive.7.aspx\"><strong>Verbal fluency in schizophrenia: Does cognitive performance reflect the same underlying mechanisms in patients and healthy controls?<\/strong>.<\/a><em>The Journal of Nervous and Mental Disease<\/em>, 198(4):286-91.<\/li>\n<\/ul>\n<\/div>\n<\/div><\/div><\/div><div id=\"pgc-3563-12-1\"  class=\"panel-grid-cell\" ><div id=\"panel-3563-12-1-0\" class=\"so-panel widget widget_sow-editor panel-first-child panel-last-child\" data-index=\"23\" ><div\n\t\t\t\n\t\t\tclass=\"so-widget-sow-editor so-widget-sow-editor-base\"\n\t\t\t\n\t\t>\n<div class=\"siteorigin-widget-tinymce textwidget\">\n\t<h3><span style=\"color: #ffffff;\"><strong>2010<\/strong><\/span><\/h3>\n<ul>\n<li>S\u00e1nchez P., Ojeda N., Elizag\u00e1rate E., Pe\u00f1a J., Ballesteros J., Yoller AB., Guti\u00e9rrez M., Casais L., Ezcurra J. (2010). <a href=\"https:\/\/sciencedirect.com\/science\/article\/pii\/S1888989110000029\"><strong>D\u00e9ficits atencionales y respuesta al tratamiento farmacol\u00f3gico en pacientes con esquizofrenia resistente al tratamiento: Resultados mediante an\u00e1lisis factorial<\/strong> confirmatorio.<\/a> Revista de Psiquiatr\u00eda y Salud Mental, 3(2):40\u201349.<\/li>\n<\/ul>\n<\/div>\n<\/div><\/div><\/div><\/div><div id=\"pg-3563-13\"  class=\"panel-grid panel-no-style\" ><div id=\"pgc-3563-13-0\"  class=\"panel-grid-cell panel-grid-cell-mobile-last\" ><div id=\"panel-3563-13-0-0\" class=\"so-panel widget widget_sow-editor panel-first-child panel-last-child\" data-index=\"24\" ><div\n\t\t\t\n\t\t\tclass=\"so-widget-sow-editor so-widget-sow-editor-base\"\n\t\t\t\n\t\t>\n<div class=\"siteorigin-widget-tinymce textwidget\">\n\t<h3><strong><span style=\"color: #64a592;\">2009<\/span><\/strong><\/h3>\n<ul>\n<li>S\u00e1nchez P., Ojeda N, Pe\u00f1a J., Yoller AB, Elizag\u00e1rate E., Guti\u00e9rrez Fraile M., Ezcurra J. (2009).<strong> <a href=\"https:\/\/psycnet.apa.org\/record\/2009-11995-013\">Predictors of longitudinal changes in schizophrenia: The role of processing speed.<\/a> <\/strong><em>Journal of Clinical Psychiatry<\/em>, 70;6: 888-896.<\/li>\n<\/ul>\n<\/div>\n<\/div><\/div><\/div><div id=\"pgc-3563-13-1\"  class=\"panel-grid-cell panel-grid-cell-empty\" ><\/div><\/div><div id=\"pg-3563-14\"  class=\"panel-grid panel-no-style\" ><div id=\"pgc-3563-14-0\"  class=\"panel-grid-cell panel-grid-cell-mobile-last\" ><div id=\"panel-3563-14-0-0\" class=\"so-panel widget widget_sow-editor panel-first-child panel-last-child\" data-index=\"25\" ><div\n\t\t\t\n\t\t\tclass=\"so-widget-sow-editor so-widget-sow-editor-base\"\n\t\t\t\n\t\t>\n<div class=\"siteorigin-widget-tinymce textwidget\">\n\t<h3><strong><span style=\"color: #64a592;\">2008<\/span><\/strong><\/h3>\n<ul>\n<li>Ojeda N, Pe\u00f1a J., S\u00e1nchez P., Elizag\u00e1rate E., Ezcurra J. (2008). <strong><a href=\"https:\/\/sciencedirect.com\/science\/article\/abs\/pii\/S0920996408000443\">Processing Speed mediates the relationship between Verbal Memory, Verbal Fluency, and Functional Outcome in Chronic Schizophrenia.<\/a> <\/strong>Schizophrenia Research, 101(1-3):225-33.<\/li>\n<\/ul>\n<\/div>\n<\/div><\/div><\/div><div id=\"pgc-3563-14-1\"  class=\"panel-grid-cell panel-grid-cell-empty\" ><\/div><\/div><div id=\"pg-3563-15\"  class=\"panel-grid panel-no-style\" ><div id=\"pgc-3563-15-0\"  class=\"panel-grid-cell\" ><div id=\"panel-3563-15-0-0\" class=\"so-panel widget widget_sow-editor panel-first-child panel-last-child\" data-index=\"26\" ><div\n\t\t\t\n\t\t\tclass=\"so-widget-sow-editor so-widget-sow-editor-base\"\n\t\t\t\n\t\t>\n<div class=\"siteorigin-widget-tinymce textwidget\">\n\t<h3><strong><span style=\"color: #64a592;\">2007<\/span><\/strong><\/h3>\n<ul>\n<li>Ojeda N.,\u00a0S\u00e1nchez P., Elizag\u00e1rate E., Yoller AB., Ezcurra J., Ram\u00edrez I., Ballesteros J. (2007). <strong><a href=\"https:\/\/ncbi.nlm.nih.gov\/pubmed\/?term=Ojeda+N.%2C++S%C3%A1nchez+P.%2C+Elizag%C3%A1rate+E.%2C+Yoller+AB.%2C+Ezcurra+J.%2C+Ram%C3%ADrez+I.%2C+Ballesteros+J.+Course+of+cognitive+symptoms+in+schizophrenia%3A+a+review+of+the+literature.+Actas+Esp+Psiquiatr.+2007\">Evoluci\u00f3n de los s\u00edntomas cognitivos en la esquizofrenia: una revisi\u00f3n de la literatura.<\/a> <\/strong>Actas Espa\u00f1olas de Psiquiatr\u00eda, 35(4):263-70.<\/li>\n<\/ul>\n<\/div>\n<\/div><\/div><\/div><div id=\"pgc-3563-15-1\"  class=\"panel-grid-cell\" ><div id=\"panel-3563-15-1-0\" class=\"so-panel widget widget_sow-editor panel-first-child panel-last-child\" data-index=\"27\" ><div\n\t\t\t\n\t\t\tclass=\"so-widget-sow-editor so-widget-sow-editor-base\"\n\t\t\t\n\t\t>\n<div class=\"siteorigin-widget-tinymce textwidget\">\n\t<h3><span style=\"color: #ffffff;\"><strong>2007<\/strong><\/span><\/h3>\n<ul>\n<li>Ojeda N.,\u00a0S\u00e1nchez P., Elizag\u00e1rate E., Yoller AB., Ezcurra J., Ram\u00edrez I., Ballesteros J. (2007). <a href=\"https:\/\/dialnet.unirioja.es\/servlet\/articulo?codigo=2320532\"><strong>Evoluci\u00f3n de los s\u00edntomas cognitivos en la esquizofrenia: una revisi\u00f3n de la literatura.<\/strong><\/a> Actas Espa\u00f1olas de Psiquiatr\u00eda, 35, 4.<\/li>\n<\/ul>\n<\/div>\n<\/div><\/div><\/div><\/div><div id=\"pg-3563-16\"  class=\"panel-grid panel-no-style\" ><div id=\"pgc-3563-16-0\"  class=\"panel-grid-cell panel-grid-cell-mobile-last\" ><div id=\"panel-3563-16-0-0\" class=\"so-panel widget widget_sow-editor panel-first-child panel-last-child\" data-index=\"28\" ><div\n\t\t\t\n\t\t\tclass=\"so-widget-sow-editor so-widget-sow-editor-base\"\n\t\t\t\n\t\t>\n<div class=\"siteorigin-widget-tinymce textwidget\">\n\t<h3><strong><span style=\"color: #64a592;\">2006<\/span><\/strong><\/h3>\n<ul>\n<li>Segarra Echevarria R, Guti\u00e9rrez Fraile M, Egu\u00edluz Uruchurtun I, Ojeda N, Fern\u00e1ndez C; Bur\u00f3n JA. (2006). <strong><a href=\"https:\/\/europepmc.org\/abstract\/med\/17117334\">Controversies about the untreated psicosis as independent prognostic variable of the evolutive course of schizophrenic psychoses<\/a>.<\/strong> Actas Espa\u00f1olas de Psiquiatr\u00eda, 34, 6, 377-85.<\/li>\n<\/ul>\n<\/div>\n<\/div><\/div><\/div><div id=\"pgc-3563-16-1\"  class=\"panel-grid-cell panel-grid-cell-empty\" ><\/div><\/div><div id=\"pg-3563-17\"  class=\"panel-grid panel-no-style\" ><div id=\"pgc-3563-17-0\"  class=\"panel-grid-cell\" ><div id=\"panel-3563-17-0-0\" class=\"so-panel widget widget_sow-editor panel-first-child panel-last-child\" data-index=\"29\" ><div\n\t\t\t\n\t\t\tclass=\"so-widget-sow-editor so-widget-sow-editor-base\"\n\t\t\t\n\t\t>\n<div class=\"siteorigin-widget-tinymce textwidget\">\n\t<h3><strong><span style=\"color: #64a592;\">2005<\/span><\/strong><\/h3>\n<ul>\n<li>Ortu\u00f1o FM, L\u00f3pez P, Ojeda N, Cervera S. (2005). <strong><a href=\"https:\/\/sciencedirect.com\/science\/article\/abs\/pii\/S1053811904005245\">Dysfunctional supplementary motor area implication during attention and time estimation tasks in schizophrenia: a PET-O15 water study<\/a>.<\/strong> Neuroimage, 15;24(2):575-9.<\/li>\n<\/ul>\n<ul>\n<li>Segarra R, Egu\u00edluz I, Guti\u00e9rrez M, Ojeda N (2005). <strong>Respuesta al tratamiento con Risperidona de pacientes con esquizofrenia: perfil diferencial entre hombres y mujeres<\/strong>. Actas Espa\u00f1olas de Psiquiatr\u00eda.<\/li>\n<\/ul>\n<\/div>\n<\/div><\/div><\/div><div id=\"pgc-3563-17-1\"  class=\"panel-grid-cell\" ><div id=\"panel-3563-17-1-0\" class=\"so-panel widget widget_sow-editor panel-first-child panel-last-child\" data-index=\"30\" ><div\n\t\t\t\n\t\t\tclass=\"so-widget-sow-editor so-widget-sow-editor-base\"\n\t\t\t\n\t\t>\n<div class=\"siteorigin-widget-tinymce textwidget\">\n\t<h3><span style=\"color: #ffffff;\"><strong>2005<\/strong><\/span><\/h3>\n<ul>\n<li>Segarra R, Egu\u00edluz I, Guti\u00e9rrez, M, Fern\u00e1ndez C, Ojeda N. (2005). <strong>Tratamiento precoz con risperidona en pacientes con un primer episodio psic\u00f3tico: valoraci\u00f3n durante dos a\u00f1os del cumplimiento terap\u00e9utico.<\/strong> Revista Espa\u00f1ola de Psiquiatr\u00eda<\/li>\n<\/ul>\n<ul>\n<li>L\u00f3pez P., Ojeda N., Ortu\u00f1o F., Cervera S. (2005). <a href=\"https:\/\/sciencedirect.com\/science\/article\/abs\/pii\/S0920996403812082\">R<strong>elation between auditory attentional deficits and neuroanatomical systems in schizophrenia.<\/strong><\/a> Schizophrenia Research, vol 60 (1), pp227-228.<\/li>\n<\/ul>\n<\/div>\n<\/div><\/div><\/div><\/div><div id=\"pg-3563-18\"  class=\"panel-grid panel-no-style\" ><div id=\"pgc-3563-18-0\"  class=\"panel-grid-cell\" ><div id=\"panel-3563-18-0-0\" class=\"so-panel widget widget_sow-editor panel-first-child panel-last-child\" data-index=\"31\" ><div\n\t\t\t\n\t\t\tclass=\"so-widget-sow-editor so-widget-sow-editor-base\"\n\t\t\t\n\t\t>\n<div class=\"siteorigin-widget-tinymce textwidget\">\n\t<h3><strong><span style=\"color: #64a592;\">2002<\/span><\/strong><\/h3>\n<ul>\n<li>Ortu\u00f1o F, Ojeda N, Arbizu J, L\u00f3pez P, Cervera S. (2002).<strong> <a href=\"https:\/\/sciencedirect.com\/science\/article\/abs\/pii\/S1053811902911687?via%3Dihub\">Sustained Attention in a counting task: Normal performance and functional neuroanatomy<\/a><\/strong>. Neuroimage, 17, 411-420.<\/li>\n<\/ul>\n<ul>\n<li>Ojeda N, Ortu\u00f1o S\u00e1nchez-Pedre\u00f1o F, Arbizu Lostao J, L\u00f3pez Garc\u00eda P, Mart\u00ed Clement J, Pe\u00f1uelas I, Cervera Enguix S (2002). <strong><a href=\"https:\/\/onlinelibrary.wiley.com\/doi\/abs\/10.1002\/hbm.10055\">Functional Neuroanatomy of sustained attention in Schizophrenia: the contribution of parietal cortices<\/a><\/strong>.\u00a0 Journal of Human Brain Mapping 17, 116-130.<\/li>\n<\/ul>\n<\/div>\n<\/div><\/div><\/div><div id=\"pgc-3563-18-1\"  class=\"panel-grid-cell\" ><div id=\"panel-3563-18-1-0\" class=\"so-panel widget widget_sow-editor panel-first-child panel-last-child\" data-index=\"32\" ><div\n\t\t\t\n\t\t\tclass=\"so-widget-sow-editor so-widget-sow-editor-base\"\n\t\t\t\n\t\t>\n<div class=\"siteorigin-widget-tinymce textwidget\">\n\t<h3><span style=\"color: #ffffff;\"><strong>2002<\/strong><\/span><\/h3>\n<ul>\n<li>Ojeda N, Ortu\u00f1o F, L\u00f3pez P, Arbizu J, Mart\u00ed-Climent J, Cervera-Enguix S (2002). <strong><a href=\"https:\/\/neurologia.com\/articulo\/2002158\">Bases neuroanat\u00f3micas de la atenci\u00f3n mediante PET-O15: el papel de la corteza prefrontal y parietal en los procesos voluntarios.<\/a>\u00a0<\/strong> Revista de Neurolog\u00eda\u00a0 35, 116-130.<\/li>\n<\/ul>\n<ul>\n<li>Ojeda N, L\u00f3pez Garc\u00eda P, Ortu\u00f1o S\u00e1nchez-Pedre\u00f1o F, Arbizu Lostao J, Cervera Enguix S. (2002). <strong>Bases neuroanat\u00f3micas de la atenci\u00f3n sostenida: un estudio con PET en sujetos normales<\/strong>. Revista de Neurolog\u00eda, 35, 1-8.<\/li>\n<\/ul>\n<\/div>\n<\/div><\/div><\/div><\/div><div id=\"pg-3563-19\"  class=\"panel-grid panel-no-style\" ><div id=\"pgc-3563-19-0\"  class=\"panel-grid-cell\" ><div id=\"panel-3563-19-0-0\" class=\"so-panel widget widget_sow-editor panel-first-child panel-last-child\" data-index=\"33\" ><div\n\t\t\t\n\t\t\tclass=\"so-widget-sow-editor so-widget-sow-editor-base\"\n\t\t\t\n\t\t>\n<div class=\"siteorigin-widget-tinymce textwidget\">\n\t<h3><strong><span style=\"color: #64a592;\">2001<\/span><\/strong><\/h3>\n<ul>\n<li>Schretlen D, Harris J, Park K, Jinnah H, Ojeda N. (2001). <strong><a href=\"https:\/\/cambridge.org\/core\/journals\/journal-of-the-international-neuropsychological-society\/article\/neurocognitive-functioning-in-lesch-nyhan-disease-and-partial-hypoxanthine-guanine-phosphoribosyltransferase-deficiency\/5B1A36DC3BDD581042C6F2BF12FD32BC\">Neurocognitive Functioning in Lesch-Nyhan Disease and Partial HPRT Deficiency<\/a><\/strong>. Journal of the International Neuropsychological Society, 7, 805-812.<\/li>\n<\/ul>\n<ul>\n<li>Arbizu J, Ortu\u00f1o F, Mart\u00ed-Climent JM, Pe\u00f1uelas I, Ojeda N, L\u00f3pez P, Cervera S, Richter JA. (2001). N<strong>euroanatom\u00eda funcional de la atenci\u00f3n sostenida durante la tarea de contar: un estudio en sujetos normales.<\/strong> Revista Espa\u00f1ola de Medicina Nuclear 20(191).<\/li>\n<\/ul>\n<\/div>\n<\/div><\/div><\/div><div id=\"pgc-3563-19-1\"  class=\"panel-grid-cell\" ><div id=\"panel-3563-19-1-0\" class=\"so-panel widget widget_sow-editor panel-first-child panel-last-child\" data-index=\"34\" ><div\n\t\t\t\n\t\t\tclass=\"so-widget-sow-editor so-widget-sow-editor-base\"\n\t\t\t\n\t\t>\n<div class=\"siteorigin-widget-tinymce textwidget\">\n\t<h3><span style=\"color: #ffffff;\"><strong>2001<\/strong><\/span><\/h3>\n<ul>\n<li>Cervera S, Ortu\u00f1o F, L\u00f3pez P, Arbizu J, Ojeda N. (2001) <strong>Circuitos cerebrales disfuncionales en la atenci\u00f3n sostenida en la esquizofrenia: un estudio de activaci\u00f3n mediante PET<\/strong>. Actas Espa\u00f1olas de Psiquiatr\u00eda 29(1), 57-58.<\/li>\n<\/ul>\n<ul>\n<li>Ortuno F, Lopez P, Ojeda N, Arbizu J, Mart\u0131-Climent JM, Crespo A, Cervera S. (2001) <strong>The contributions of the parietal lobes to sustained attention in schizophrenia vs normal controls: a PET study.<\/strong> Actas Espa\u00f1olas de Psiquiatr\u00eda 29, (1) 254.<\/li>\n<\/ul>\n<\/div>\n<\/div><\/div><\/div><\/div><div id=\"pg-3563-20\"  class=\"panel-grid panel-no-style\" ><div id=\"pgc-3563-20-0\"  class=\"panel-grid-cell panel-grid-cell-mobile-last\" ><div id=\"panel-3563-20-0-0\" class=\"so-panel widget widget_sow-editor panel-first-child panel-last-child\" data-index=\"35\" ><div\n\t\t\t\n\t\t\tclass=\"so-widget-sow-editor so-widget-sow-editor-base\"\n\t\t\t\n\t\t>\n<div class=\"siteorigin-widget-tinymce textwidget\">\n\t<h3><strong><span style=\"color: #64a592;\">2000<\/span><\/strong><\/h3>\n<ul>\n<li>Ojeda N, Ezquerra-Iribarren JA, Urruticoechea-Sarriegui I, Quemada-Ubis JI, Mu\u00f1oz-C\u00e9spedes JM. (2000). <strong><a href=\"https:\/\/neurologia.com\/articulo\/99650\">Entrenamiento en habilidades sociales en pacientes con da\u00f1o cerebral adquirido.<\/a> <\/strong>Revista de Neurolog\u00eda; 30(8):783-787.<\/li>\n<\/ul>\n<\/div>\n<\/div><\/div><\/div><div id=\"pgc-3563-20-1\"  class=\"panel-grid-cell panel-grid-cell-empty\" ><\/div><\/div><div id=\"pg-3563-21\"  class=\"panel-grid panel-no-style\" ><div id=\"pgc-3563-21-0\"  class=\"panel-grid-cell\" ><div id=\"panel-3563-21-0-0\" class=\"so-panel widget widget_sow-editor panel-first-child panel-last-child\" data-index=\"36\" ><div\n\t\t\t\n\t\t\tclass=\"so-widget-sow-editor so-widget-sow-editor-base\"\n\t\t\t\n\t\t>\n<div class=\"siteorigin-widget-tinymce textwidget\">\n\t<h4 style=\"text-align: center;\"><span style=\"color: #2d4679;\"><strong><span lang=\"ES-TRAD\">OTRAS PUBLICACIONES<\/span><\/strong><\/span><\/h4>\n<\/div>\n<\/div><\/div><\/div><\/div><div id=\"pg-3563-22\"  class=\"panel-grid panel-no-style\" ><div id=\"pgc-3563-22-0\"  class=\"panel-grid-cell\" ><div id=\"panel-3563-22-0-0\" class=\"so-panel widget widget_sow-editor panel-first-child panel-last-child\" data-index=\"37\" ><div\n\t\t\t\n\t\t\tclass=\"so-widget-sow-editor so-widget-sow-editor-base\"\n\t\t\t\n\t\t>\n<div class=\"siteorigin-widget-tinymce textwidget\">\n\t<h3><strong><span style=\"color: #64a592;\">LIBROS<\/span><\/strong><\/h3>\n<ul>\n<li>Ojeda del Pozo N. Neuropsicolog\u00eda de la Esquizofrenia. 2019 Editorial S\u00edntesis. ISBN: 978-84-9171-239-8.<\/li>\n<\/ul>\n<ul>\n<li>Schretlen D. (2019). M-WCST. Test de Clasificaci\u00f3n de Tarjetas de Wisconsin - Modificado. (Ojeda N, Pe\u00f1a J, Ibarretxe-Bilbao N, del Pino R, adaptadores). Madrid: TEA Ediciones. ISBN: 978-84-16231-81-2 y Dep\u00f3sito Legal M-32714-2019.<\/li>\n<\/ul>\n<ul>\n<li>Ojeda N. (2018). Neuropsicolog\u00eda de la Esquizofrenia. Editorial S\u00edntesis. ISBN: 978-84-9171-239-8.<\/li>\n<\/ul>\n<ul>\n<li>Ojeda N. Interpretando una Sonrisa. Programa para la intervenci\u00f3n en Cognici\u00f3n Social. ISBN: 978-84-617-4249-3.<\/li>\n<\/ul>\n<ul>\n<li>Ojeda N, Vicario P. (2016). REHACOG: Programa de Rehabilitaci\u00f3n Cognitiva en personas mayores. Manual del Paciente. ISBN: 978-84-608-8427-9<\/li>\n<\/ul>\n<ul>\n<li>Ojeda N, Vicario P. (2016). REHACOG: Programa de Rehabilitaci\u00f3n Cognitiva en personas mayores. Manual del Terapeuta. ISBN: 978-84-608-8277-0<\/li>\n<\/ul>\n<ul>\n<li>Ojeda N. Vicario P. (2015).\u00a0 REHACOG: Programa de Rehabilitaci\u00f3n Neuropsicol\u00f3gica para personas mayores. Manual del usuario.<\/li>\n<\/ul>\n<ul>\n<li>Twamley E.W., Bengoetxea E., Mondrag\u00f3n A., Ojeda N. (2014). Programa de Entrenamiento Cognitivo Compensatorio. Manual del Terapeuta. ISBN: 978-84-615-9734-5.<\/li>\n<\/ul>\n<ul>\n<li>Twamley E.W., Bengoetxea E., Mondrag\u00f3n A., Ojeda N. (2014). Programa de Entrenamiento Cognitivo Compensatorio. Manual del Paciente. ISBN: 978-84-615-7452-0.<\/li>\n<\/ul>\n<ul>\n<li>Elizag\u00e1rate E., S\u00e1nchez P., Ojeda N., Ezcurra J., Mendiola N., Napal O., Pe\u00f1a J., Larumbe J., Yoller A. Estrategias terap\u00e9uticas en la esquizofrenia refractaria o esquizofrenia resistente al tratamiento.\u00a0 Mayo 2012. ISBN: 978-84-457-3292-2<\/li>\n<\/ul>\n<ul>\n<li>Ojeda N., Pe\u00f1a J. REHACOP (2012): Programa de Rehabilitaci\u00f3n Neuropsicol\u00f3gica para psicosis y esquizofrenia. Manual del Terapeuta.ISBN: 978-84-615-9734-5.<\/li>\n<\/ul>\n<\/div>\n<\/div><\/div><\/div><div id=\"pgc-3563-22-1\"  class=\"panel-grid-cell\" ><div id=\"panel-3563-22-1-0\" class=\"so-panel widget widget_sow-editor panel-first-child panel-last-child\" data-index=\"38\" ><div\n\t\t\t\n\t\t\tclass=\"so-widget-sow-editor so-widget-sow-editor-base\"\n\t\t\t\n\t\t>\n<div class=\"siteorigin-widget-tinymce textwidget\">\n\t<h3><span style=\"color: #ffffff;\"><strong>LIBROS<\/strong><\/span><\/h3>\n<ul>\n<li>Ojeda N., Pe\u00f1a J. REHACOP (2012): Programa de Rehabilitaci\u00f3n Neuropsicol\u00f3gica para psicosis y esquizofrenia. Manual del Paciente.ISBN: 978-84-615-7452-0.<\/li>\n<\/ul>\n<ul>\n<li>Ojeda N., Pe\u00f1a J., Segarra R., S\u00e1nchez P., Egu\u00edluz I., Elizag\u00e1rate E., Guti\u00e9rrez M., Ezcurra J. La predicci\u00f3n del diagn\u00f3stico de esquizofrenia: el rol de la neurocognici\u00f3n en el primer episodio de psicosis. (2009). ISBN: 978-84-9830-242-4 (Edici\u00f3n impresa). ISBN: 978-84-9830-481-7 (edici\u00f3n digital).<\/li>\n<\/ul>\n<ul>\n<li>Ojeda N, Ezcurra J, Guti\u00e9rrez M (Ed). Neurocognici\u00f3n en esquizofrenia. Libro. Editorial Aula M\u00e9dica. Madrid, mayo 2006. ISBN-84-7885-415- 0.<\/li>\n<\/ul>\n<ul>\n<li>Caballero P., Ojeda N. Valoraci\u00f3n Neuropsicol\u00f3gica en las Demencias: perfiles cognitivos y diagn\u00f3sticos diferencial. Letras de Deusto, vol 35, n\u00ba 107. Abril-Junio. 2005.<\/li>\n<\/ul>\n<ul>\n<li>Ojeda N. (2002). \u201cAprender a Aprender\u201d. Francoise, Gauquellin M. Ed. Mensajero: Bilbao. Revisi\u00f3n y actualizaci\u00f3n de la 2\u00aa edici\u00f3n. ISBN: 84-271-2433-3.<\/li>\n<\/ul>\n<ul>\n<li>Ojeda N. (2002). \u201cEl inconsciente a debate\u201d. Andr\u00e9 Akoun, Gatien G. y cols. Ed. Mensajero: Bilbao. Revisi\u00f3n y actualizaci\u00f3n de la 2\u00aa edici\u00f3n. ISBN: 84-271-2476-7.<\/li>\n<\/ul>\n<ul>\n<li>Ojeda N. (2001). \u201cConocer a los otros\u201d. M. Gauquelin. Ed. Mensajero: Bilbao. Revisi\u00f3n y actualizaci\u00f3n de la 2\u00aa edici\u00f3n. ISBN: 84-271-2374-4.<\/li>\n<\/ul>\n<ul>\n<li>Ojeda N. (2001). \u201cLa Sofrolog\u00eda\u201d. H Boon, Y Davron, J., MacQuet S. ed. Mensajero: Revisi\u00f3n y actualizaci\u00f3n de la 2\u00aa edici\u00f3n. ISBN: 84-271-2375-2.<\/li>\n<\/ul>\n<ul>\n<li>Ojeda N. (2001). \u201cDificultades y problemas del ni\u00f1o\u201d. Rideau A. Editorial Mensajero: Bilbao. Revisi\u00f3n y actualizaci\u00f3n de la 2\u00aa edici\u00f3n. ISBN: 84-271-2376-0.<\/li>\n<\/ul>\n<ul>\n<li>Ojeda N. (2001). \u201cLa Interpretaci\u00f3n de los Tests\u201d. Gaillat G., Gauquelin F. y cols. Revisi\u00f3n y actualizaci\u00f3n de la 2\u00aa edici\u00f3n. ISBN: 84-271-2381-7.<\/li>\n<\/ul>\n<\/div>\n<\/div><\/div><\/div><\/div><div id=\"pg-3563-23\"  class=\"panel-grid panel-no-style\" ><div id=\"pgc-3563-23-0\"  class=\"panel-grid-cell\" ><div id=\"panel-3563-23-0-0\" class=\"so-panel widget widget_sow-editor panel-first-child panel-last-child\" data-index=\"39\" ><div\n\t\t\t\n\t\t\tclass=\"so-widget-sow-editor so-widget-sow-editor-base\"\n\t\t\t\n\t\t>\n<div class=\"siteorigin-widget-tinymce textwidget\">\n\t<h3><strong><span style=\"color: #64a592;\">CAP\u00cdTULOS DE LIBRO<\/span><\/strong><\/h3>\n<ul>\n<li>Ojeda del Pozo N, Ibarretxe Bilbao N, Garc\u00eda Guerrero A, Zubiaurre Elorza Leire. Mujeres y Neuropsicolog\u00eda: Elaboraci\u00f3n de materiales did\u00e1cticos para incrementar la visibilidad de las mujeres en el \u00e1mbito cient\u00edfico. Buenas pr\u00e1cticas de Innovaci\u00f3n y Calidad, Unidad de Innovaci\u00f3n Docente. Universidad de Deusto, (2020) Edita: Grupo de Comunicaci\u00f3n Loyola-\u00ad\u2010Bilbao. ISBN: 978-84-271-4469-9. Pg 192-196.<\/li>\n<\/ul>\n<ul>\n<li>Ojeda del Pozo N, Pe\u00f1a Lasa J, Ibarretxe-Bilbao N (2018). Cap\u00edtulo Rehabilitaci\u00f3n neuropsicol\u00f3gica en trastornos psic\u00f3ticos: de la teor\u00eda a la pr\u00e1ctica en Tratamientos psicol\u00f3gicos para la psicosis. Ediciones Pir\u00e1mide. ISBN: 978-84-368-4133-6.<\/li>\n<\/ul>\n<ul>\n<li>D\u00edez-Cirarda M, Ibarretxe-Bilbao N, Pe\u00f1a J, Ojeda N. (2018). Parkinson\u2019s Disease. En: Kreutzer J., DeLuca J., Caplan B. (eds) Encyclopedia of Clinical Neuropsychology. Springer, Cham. DOI: 10.1007\/978-3-319-56782-2_349-3<\/li>\n<\/ul>\n<ul>\n<li>G\u00f3mez-Gastiasoro A, Ibarretxe-Bilbao N, Ojeda N. (2018). Bases neuroanat\u00f3micas y neurofuncionales de la esquizofrenia. En Ojeda, N: Neuropsicolog\u00eda de la esquizofrenia. Capt. 4, 87-116 (2018). Editorial: S\u00edntesis. 1\u00aa edici\u00f3n. ISBN: 978-84-9171-239-8. Madrid.<\/li>\n<\/ul>\n<ul>\n<li>Ibarretxe-Bilbao N, Cirarda M., Pe\u00f1a J, Ojeda N. (2018). Cognitive Rehabilitation in Parkinson\u00b4s Disease. En DeLuca J et al.<a href=\"https:\/\/doi.org\/10.1007\/978-3-319-56782-2\"> \u201cCognitive Rehabilitation: Examining the Evidence from Brain to Behavior\u201d<\/a>. Springer Publishing Company. ISBN digital: 978-3-319-56782-2. DOI<\/li>\n<\/ul>\n<ul>\n<li>Ojeda N, Pe\u00f1a J, Ibarretxe-Bilbao N. (2017) <a href=\"https:\/\/doi.org\/10.1007\/978-3-319-56782-2\">Schizophrenia. In: Kreutzer J, DeLuca J, Caplan B.<\/a> (eds) Encyclopedia of Clinical Neuropsychology. Springer, Cham.<\/li>\n<\/ul>\n<ul>\n<li>Ojeda N. En Lilia Dotor A., Arango Lasprilla JC. Rehabilitaci\u00f3n cognitiva de personas con lesi\u00f3n cerebral. Editorial Trillas, (2014). ISBN978-607-17-1985-0.<\/li>\n<\/ul>\n<ul>\n<li>Ojeda N. Psicoterapia psicoeducativa en la esquizofrenia. Capt 15, pg 305-320. En Guti\u00e9rrez Fraile M. (2014). Psiquiatr\u00eda y Ambiente. Editorial Psiquiatr\u00eda.com. ISBN: 978-84-941401-0-5 Baleares.<\/li>\n<\/ul>\n<ul>\n<li>Ojeda N. Diciembre 2013. European Commision. European Innovation Partnership on active and healthy ageing. A compilation of good practices. First edition. Action Group D4. Rehacop-Brain Friendly ICT\u00b4s. pgs 218-220.<\/li>\n<\/ul>\n<ul>\n<li>Ojeda N, Pe\u00f1a J.\u00a0 Atenci\u00f3n. En Egu\u00edluz I., Segarra R. Introducci\u00f3n a la Psicopatolog\u00eda: una visi\u00f3n actualizada. Capt. 5;. pp, inicial: 84-102 (2013). Editorial Panamericana. 3\u00aa edici\u00f3n. ISBN 978-84-9835-693-9 Madrid.<\/li>\n<\/ul>\n<ul>\n<li>Ojeda N, Pe\u00f1a J. Memoria. En Egu\u00edluz Uruchurtu I: Introducci\u00f3n a la Psicopatolog\u00eda: una visi\u00f3n actualizada. Capt. 4; Pp inicial: 72-83 (2013). Editorial: Panamericana. 3\u00aa edici\u00f3n. ISBN 978-84-9835-693-9 Madrid.<\/li>\n<\/ul>\n<ul>\n<li>Mar\u00edn H., Ojeda N. Lenguaje. En Egu\u00edluz Uruchurtu I: Introducci\u00f3n a la Psicopatolog\u00eda: una visi\u00f3n actualizada. Capt. 4; Pp inicial: 46-69 (2013). Editorial: Panamericana. 3\u00aa edici\u00f3n. ISBN 978-84-9835-693-9 Madrid.<\/li>\n<\/ul>\n<ul>\n<li>Bengoetxea E., Ojeda N., Pe\u00f1a J.\u00a0 La mejor\u00eda en el estado cognitivo de pacientes psiqui\u00e1tricos cr\u00f3nicos tras la Rehabilitaci\u00f3n Cognitiva con el programa REHACOP. Congreso Iberoamericano de Psicolog\u00eda y Salud, (2012). publicaciones.SUIPS@gmail.com. El libro se editar\u00e1, con ISBN, por la Sociedad Universitaria de Investigaci\u00f3n en Psicolog\u00eda y Salud.<\/li>\n<\/ul>\n<ul>\n<li>Bengoetxea E., Ojeda N., Segarra R., S\u00e1nchez P.M., Garc\u00eda J., Pe\u00f1a J., Garc\u00eda A., Egu\u00edluz J.I y Elizag\u00e1rate, E. (2011).Evidencias de eficacia de la rehabilitaci\u00f3n cognitiva en psicosis y esquizofrenia con el programa REHACOP. En Quevedo-Blasco R y Quevedo-Blasco VJ. Situaci\u00f3n actual de la psicolog\u00eda cl\u00ednica. Pg 192-194. Ed Asociaci\u00f3n Espa\u00f1ola de Psicolog\u00eda Conductual. ISBN: 978-84-694-3972-2.<\/li>\n<\/ul>\n<ul>\n<li>Ojeda N., Bengoetxea E., Pe\u00f1a J., Garc\u00eda A. (2011). La Rehabilitaci\u00f3n Neuropsicol\u00f3gica. En \u201cSalud Mental Comunitaria\u201d, Marcos Del Cano Ana M\u00aa y Topa Cantisano Gabriela (Eds). Publicaciones UNED en Ciencias Sociales y jur\u00eddicas, Madrid. Capt IX, 245-273. ISBN 978-84-362-6299-5.<\/li>\n<\/ul>\n<ul>\n<li>Ojeda del Pozo N. (2011). La modificaci\u00f3n de conducta y su relevancia dentro de una rehabilitaci\u00f3n integral del da\u00f1o cerebral adquirido. En Arango JL, (Eds). Rehabilitaci\u00f3n Neuropsicol\u00f3gica. Capt 6. Editorial Trillas de la ciudad de M\u00e9xico.<\/li>\n<\/ul>\n<ul>\n<li>Garc\u00eda J., Ojeda N. Ingresos psiqui\u00e1tricos a la luz de la luna.\u00a0 Capt 5. Pg 151-158. En \u201cEl estado de \u00e1nimo\u201d. Ed Guti\u00e9rrez M., Ezcurra J., Gonz\u00e1lez Pinto A. (2011). Editorial Ikusager. Colecci\u00f3n General Psy.<\/li>\n<\/ul>\n<ul>\n<li>Garc\u00eda J., Ojeda N. Novedades en el tratamiento farmacol\u00f3gico de la depresi\u00f3n.\u00a0 Capt 17. Pg 437-404. En \u201cEl estado de \u00e1nimo\u201d. Ed Guti\u00e9rrez M., Ezcurra J., Gonz\u00e1lez Pinto A. (2011). Editorial Ikusager. Colecci\u00f3n General Psy.<\/li>\n<\/ul>\n<ul>\n<li>S\u00e1nchez P., Elizag\u00e1rate E., Ojeda N., Mendiola N., Pe\u00f1a J. (2011). Rehabilitaci\u00f3n Vocacional. En \u201cLa Esquizofrenia Refractaria\u201d. Elizag\u00e1rate E., S\u00e1nchez P., Ezcurra J (Eds). Capt. 3, 260- 279. Editorial Ikusager. Vitoria. ISBN 978-84-89213-21-0.<\/li>\n<\/ul>\n<ul>\n<li>S\u00e1nchez P., Elizag\u00e1rate E., Ojeda N., Mendiola N., Pe\u00f1a J. (2011). Intervenciones familiares. En \u201cLa Esquizofrenia Refractaria\u201d. Elizag\u00e1rate E., S\u00e1nchez P., Ezcurra J (Eds). Capt. 3, 280- 298. Editorial Ikusager. Vitoria. ISBN 978-84-89213-21-0.<\/li>\n<\/ul>\n<ul>\n<li>S\u00e1nchez P., Elizag\u00e1rate E., Ojeda N., Mendiola N., Pe\u00f1a J. (2011). Terapia de conducta. En \u201cLa Esquizofrenia Refractaria\u201d. Elizag\u00e1rate E., S\u00e1nchez P., Ezcurra J (Eds). Capt. 3, 299- 303. Editorial Ikusager. Vitoria. ISBN 978-84-89213-21-0.<\/li>\n<\/ul>\n<ul>\n<li>S\u00e1nchez P., Elizag\u00e1rate E., Ojeda N., Mendiola N., Pe\u00f1a J. (2011). Tratamiento cognitivo de la esquizofrenia refractaria. En \u201cLa Esquizofrenia Refractaria\u201d. Elizag\u00e1rate E., S\u00e1nchez P., Ezcurra J (Eds). Capt. 3, 304-326. Editorial Ikusager. Vitoria. ISBN 978-84-89213-21-0.<\/li>\n<\/ul>\n<\/div>\n<\/div><\/div><\/div><div id=\"pgc-3563-23-1\"  class=\"panel-grid-cell\" ><div id=\"panel-3563-23-1-0\" class=\"so-panel widget widget_sow-editor panel-first-child panel-last-child\" data-index=\"40\" ><div\n\t\t\t\n\t\t\tclass=\"so-widget-sow-editor so-widget-sow-editor-base\"\n\t\t\t\n\t\t>\n<div class=\"siteorigin-widget-tinymce textwidget\">\n\t<h3><span style=\"color: #ffffff;\"><strong>CAP\u00cdTULOS DE LIBRO<\/strong><\/span><\/h3>\n<ul>\n<li>S\u00e1nchez P., Elizag\u00e1rate E., Ojeda N., Mendiola N., Pe\u00f1a J. (2011). Psicoeducaci\u00f3n. En \u201cLa Esquizofrenia Refractaria\u201d. Elizag\u00e1rate E., S\u00e1nchez P., Ezcurra J (Eds). Capt. 3, 327- 342. Editorial Ikusager. Vitoria. ISBN 978-84-89213-21-0.<\/li>\n<\/ul>\n<ul>\n<li>S\u00e1nchez P., Elizag\u00e1rate E., Ojeda N., Mendiola N., Pe\u00f1a J. (2011). Tratamiento asertivo comunitario. En \u201cLa Esquizofrenia Refractaria\u201d. Elizag\u00e1rate E., S\u00e1nchez P., Ezcurra J (Eds). Capt. 3, 343- 360. Editorial Ikusager. Vitoria. ISBN 978-84-89213-21-0.<\/li>\n<\/ul>\n<ul>\n<li>S\u00e1nchez P., Elizag\u00e1rate E., Ojeda N., Mendiola N., Pe\u00f1a J. (2011). Terapias de grupo. En \u201cLa Esquizofrenia Refractaria\u201d. Elizag\u00e1rate E., S\u00e1nchez P., Ezcurra J (Eds). Capt. 3, 361-367. Editorial Ikusager. Vitoria. ISBN 978-84-89213-21-0.<\/li>\n<\/ul>\n<ul>\n<li>S\u00e1nchez P., Elizag\u00e1rate E., Ojeda N., Mendiola N., Pe\u00f1a J. (2011). Rehabilitaci\u00f3n Neuropsicol\u00f3gica. En \u201cLa Esquizofrenia Refractaria\u201d. Elizag\u00e1rate E., S\u00e1nchez P., Ezcurra J (Eds). Capt. 3, 361-367. Editorial Ikusager. Vitoria. ISBN 978-84-89213-21-0.<\/li>\n<\/ul>\n<ul>\n<li>Elizag\u00e1rate E., S\u00e1nchez P., Ezcurra J (Eds). Capt. 3, 368- 383. Editorial Ikusager. Vitoria. ISBN 978-84-89213-21-0.<\/li>\n<\/ul>\n<ul>\n<li>S\u00e1ncHez P., Elizag\u00e1rate E., Ojeda N., Mendiola N., Pe\u00f1a J. (2011). Psicoterapias Psicoanal\u00edticas y Psicodin\u00e1micas. En \u201cLa Esquizofrenia Refractaria\u201d. Elizag\u00e1rate E., S\u00e1nchez P., Ezcurra J (Eds). Capt. 3, 384-395. Editorial Ikusager. Vitoria. ISBN 978-84-89213-21-0.<\/li>\n<\/ul>\n<ul>\n<li>S\u00e1nchez P., Elizag\u00e1rate E., Ojeda N., Mendiola N., Pe\u00f1a J. (2011). Arteterapia. En \u201cLa Esquizofrenia Refractaria\u201d. Elizag\u00e1rate E., S\u00e1nchez P., Ezcurra J (Eds). Capt. 3, 396- 411. Editorial Ikusager. Vitoria. ISBN 978-84-89213-21-0.<\/li>\n<\/ul>\n<ul>\n<li>Segarra R., Ojeda N., Zabala A., Garc\u00eda J., S\u00e1enz M., Egu\u00edluz I. (2010). Insight y primeros episodios psic\u00f3ticos del espectro esquizofr\u00e9nico. \u00bfExiste una relaci\u00f3n objetiva entre el insight cl\u00ednico y el insight neuropsicol\u00f3gico? En Ezcurra J, Guti\u00e9rrez M y Gonz\u00e1lez-Pinto A, Esquizofrenia: Sociogen\u00e9sis, psicogen\u00e9sis y condicionamiento biol\u00f3gico. Capt 11, pg 141-156. Ed Aula M\u00e9dica. ISBN 13:978-84-7885-509-4.<\/li>\n<\/ul>\n<ul>\n<li>S\u00e1nchez P., Pe\u00f1a Lasa J., Ojeda N., Bengoetxea E., Palacios M. (2010). La Rehabilitaci\u00f3n Neuropsicol\u00f3gica en Psicosis I: Aspectos te\u00f3ricos y conceptuales. En Ezcurra J, Guti\u00e9rrez M y Gonz\u00e1lez-Pinto A, Esquizofrenia: Sociogen\u00e9sis, psicogen\u00e9sis y condicionamiento biol\u00f3gico. Capt 31, pg 417-470. Ed Aula M\u00e9dica. ISBN 13:978-84-7885-509-4.<\/li>\n<\/ul>\n<ul>\n<li>Ojeda N., Pe\u00f1a J., S\u00e1nchez P., Bengoetxea E (2010). La Rehabilitaci\u00f3n Neuropsicol\u00f3gica en Psicosis\u00a0 II: El programa Rehacop. En Ezcurra J, Guti\u00e9rrez M y Gonz\u00e1lez-Pinto A, Esquizofrenia: Sociogen\u00e9sis, psicogen\u00e9sis y condicionamiento biol\u00f3gico. Capt 32, pg 471-495. Ed Aula M\u00e9dica. ISBN 13:978-84-7885-509-4.<\/li>\n<\/ul>\n<ul>\n<li>Guti\u00e9rrez Fraile M., Segarra Echevarr\u00eda, R., Ojeda N., Fern\u00e1ndez G\u00f3mez C., G\u00f3nzalez-Pinto Arrillaga A., Egu\u00edluz Uruchurtu J.I.\u00a0 El sexo como variable pron\u00f3stica del curso cl\u00ednico y evolutivo en los primeros episodios psic\u00f3ticos esquizofr\u00e9nicos. En V\u00e1zquez-Barquero, JL., Crespo Pacorro B. En Nuevos enfoques para la intervenci\u00f3n en primeros episodios de psicosis. (Eds. Elsevier &amp; Masson, Barcelona), 79-90, 2007.<\/li>\n<\/ul>\n<ul>\n<li>Ojeda N. Aportaciones en de la modificaci\u00f3n de conducta a la rehabilitaci\u00f3n neuropsicol\u00f3gica en personas con da\u00f1o cerebral adquirido. En Arango La Esprilla JC. Rehabilitaci\u00f3n Neuropsicol\u00f3gica. Cap\u00edtulo 6, pp 81-98. Madrid, 2006. ISBN 9707291036.<\/li>\n<\/ul>\n<ul>\n<li>Ojeda N., S\u00e1nchez P., Ram\u00edrez I., Ballesteros J., Pe\u00f1a J.: Evoluci\u00f3n del deterioro cognitivo en la esquizofrenia. En: Neurocognici\u00f3n en la esquizofrenia. (N. Ojeda, J. Ezcurra, M. Guti\u00e9rrez eds.) Aula M\u00e9dica. Madrid, 2006: 69-94. ISBN: 84-7885-415-0.<\/li>\n<\/ul>\n<ul>\n<li>Elizag\u00e1rate E., S\u00e1nchez P., Ojeda N., Ram\u00edrez I., Ibarrola E., Yoller A.B., Ezcurra J.: Insight, su relaci\u00f3n con la sintomatolog\u00eda y la neurocognici\u00f3n en una muestra de pacientes esquizofr\u00e9nicos cr\u00f3nicos. En: Psiquiatr\u00eda y mujer. (Guti\u00e9rrez, Ezcurra y Pichot, eds.) Aula M\u00e9dica Ediciones. Madrid, 2006: 175-196. ISBN: 84-7885-409-6.<\/li>\n<\/ul>\n<ul>\n<li>Ojeda N. s\u00e1nchez P, Elizag\u00e1rate E y cols. Evoluci\u00f3n del deterioro cognitivo en la esquizofrenia. En Pichot, Ezcurra y cols (Eds). Madrid; Aula M\u00e9dica, 2005.<\/li>\n<\/ul>\n<ul>\n<li>Ojeda N., S\u00e1nchez P., Elizag\u00e1rate E., Yoller A.B., Ezcurra J., Ram\u00edrez I.: S\u00edntomas cognitivos en la esquizofrenia: curso evolutivo y relaci\u00f3n a cronicidad de s\u00edntomas. En: Diagn\u00f3stico, evaluaci\u00f3n y tratamiento de los trastornos psiqui\u00e1tricos graves. (Guti\u00e9rrez, Ezcurra y Pichot, eds.) Aula M\u00e9dica Ediciones. Madrid, 2005: 77-96. ISBN: 84-7885-383-9.<\/li>\n<\/ul>\n<ul>\n<li>Elizag\u00e1rate E., Segarra R., Ojeda N., S\u00e1nchez P., Egu\u00edluz I., Ezcurra J., Guti\u00e9rrez M.: Uso de tabaco y nicotina en esquizofrenia: Su influencia en la funci\u00f3n cognitiva. En: Diagn\u00f3stico, evaluaci\u00f3n y tratamiento de los trastornos psiqui\u00e1tricos graves. (Guti\u00e9rrez, Ezcurra y Pichot, eds.) Aula M\u00e9dica Ediciones. Madrid, 2005: 113-122. ISBN: 84-7885-383-9.<\/li>\n<\/ul>\n<ul>\n<li>Ojeda N, S\u00e1nchez P, Egu\u00edluz I, Inchausti L.\u00a0 Atenci\u00f3n. En Egu\u00edluz Uruchurtu I: Introducci\u00f3n a la Psicopatolog\u00eda. Capt. 5. pp, inicial: 84-102 (2004). Editorial: Wyeth. 2\u00aa edici\u00f3n. Madrid.<\/li>\n<\/ul>\n<ul>\n<li>Ojeda N, S\u00e1nchez P, Egu\u00edluz I, Inchausti L. Memoria. En Egu\u00edluz Uruchurtu I: Introducci\u00f3n a la Psicopatolog\u00eda. Capt. 4; Pp inicial: 72-83 (2004). Editorial: Wyeth. 2\u00aa edici\u00f3n. Madrid.<\/li>\n<\/ul>\n<ul>\n<li>Ojeda N. Aportes de la Modificaci\u00f3n de conducta a la rehabilitaci\u00f3n neuropsicol\u00f3gica. Avances en Psicolog\u00eda Cl\u00ednica Latinoamericana. Volumen: 21, Pg, inicial: 69, final:81, (2003). Monogr\u00e1fico a invitaci\u00f3n de los editores.<\/li>\n<\/ul>\n<\/div>\n<\/div><\/div><\/div><\/div><\/div>","protected":false},"excerpt":{"rendered":"<p>NUESTRAS PUBLICACIONES ART\u00cdCULOS\u00a0EN REVISTAS ISI, PEER REVIEWED O CON FACTOR DE IMPACTO 2021 S\u00e1ez-Atxukarro O, del Pino R, Pe\u00f1a J, Schretlen DJ, Ibarretxe-Bilbao N, Ojeda N. (2021). Test breve de memoria visuoespacial-revisado: normalizaci\u00f3n y estandarizaci\u00f3n de la prueba en poblaci\u00f3n espa\u00f1ola. Revista de Neurolog\u00eda, 72(09), 299-306. S\u00e1ez-Atxukarro O, del Pino R, Pe\u00f1a J, Schretlen DJ, [&hellip;]<\/p>\n","protected":false},"author":1001,"featured_media":0,"parent":0,"menu_order":0,"comment_status":"closed","ping_status":"closed","template":"","meta":{"_acf_changed":false,"footnotes":""},"class_list":["post-3563","page","type-page","status-publish","hentry"],"acf":[],"_links":{"self":[{"href":"https:\/\/neurolab.deusto.es\/en\/wp-json\/wp\/v2\/pages\/3563","targetHints":{"allow":["GET"]}}],"collection":[{"href":"https:\/\/neurolab.deusto.es\/en\/wp-json\/wp\/v2\/pages"}],"about":[{"href":"https:\/\/neurolab.deusto.es\/en\/wp-json\/wp\/v2\/types\/page"}],"author":[{"embeddable":true,"href":"https:\/\/neurolab.deusto.es\/en\/wp-json\/wp\/v2\/users\/1001"}],"replies":[{"embeddable":true,"href":"https:\/\/neurolab.deusto.es\/en\/wp-json\/wp\/v2\/comments?post=3563"}],"version-history":[{"count":0,"href":"https:\/\/neurolab.deusto.es\/en\/wp-json\/wp\/v2\/pages\/3563\/revisions"}],"wp:attachment":[{"href":"https:\/\/neurolab.deusto.es\/en\/wp-json\/wp\/v2\/media?parent=3563"}],"curies":[{"name":"wp","href":"https:\/\/api.w.org\/{rel}","templated":true}]}}